{"id":2550,"date":"2023-12-13T12:18:17","date_gmt":"2023-12-13T12:18:17","guid":{"rendered":"http:\/\/publicaciones.unedzamora.es\/?page_id=2550"},"modified":"2024-03-07T11:30:49","modified_gmt":"2024-03-07T11:30:49","slug":"publicaciones","status":"publish","type":"page","link":"https:\/\/publicaciones.unedzamora.es\/","title":{"rendered":"Publicaciones"},"content":{"rendered":"\t\t<div data-elementor-type=\"wp-page\" data-elementor-id=\"2550\" class=\"elementor elementor-2550\" data-elementor-post-type=\"page\">\n\t\t\t\t\t\t\t\t\t<section class=\"elementor-section elementor-top-section elementor-element elementor-element-8f4e306 elementor-section-boxed elementor-section-height-default elementor-section-height-default\" data-id=\"8f4e306\" data-element_type=\"section\">\n\t\t\t\t\t\t<div class=\"elementor-container elementor-column-gap-default\">\n\t\t\t\t\t<div class=\"elementor-column elementor-col-100 elementor-top-column elementor-element elementor-element-589a0a2\" data-id=\"589a0a2\" data-element_type=\"column\">\n\t\t\t<div class=\"elementor-widget-wrap elementor-element-populated\">\n\t\t\t\t\t\t\t\t<div class=\"elementor-element elementor-element-b56788e eael_simple_menu_hamburger_disable_selected_menu_no eael-simple-menu-hamburger-align-right eael-hamburger--tablet elementor-widget elementor-widget-eael-simple-menu\" data-id=\"b56788e\" data-element_type=\"widget\" data-widget_type=\"eael-simple-menu.default\">\n\t\t\t\t<div class=\"elementor-widget-container\">\n\t\t\t<style>\n                        @media screen and (max-width: 1024px) {\n                            .eael-hamburger--tablet {\n                                .eael-simple-menu-horizontal,\n                                .eael-simple-menu-vertical {\n                                    display: none;\n                                }\n                            }\n                            .eael-hamburger--tablet {\n                                .eael-simple-menu-container .eael-simple-menu-toggle {\n                                    display: block;\n                                }\n                            }\n                        }\n                    <\/style>            <div data-hamburger-icon=\"&lt;i aria-hidden=&quot;true&quot; class=&quot;fas fa-bars&quot;&gt;&lt;\/i&gt;\" data-indicator-icon=\"&lt;i aria-hidden=&quot;true&quot; class=&quot;fas fa-angle-down&quot;&gt;&lt;\/i&gt;\" data-dropdown-indicator-icon=\"&lt;i class=&quot;fas fa-angle-down&quot;&gt;&lt;\/i&gt;\" class=\"eael-simple-menu-container eael-simple-menu-align-left eael-simple-menu-dropdown-align-left preset-1\" data-hamburger-breakpoints=\"{&quot;mobile&quot;:&quot;M\\u00f3vil vertical (&gt; 767px)&quot;,&quot;tablet&quot;:&quot;Tableta vertical (&gt; 1024px)&quot;,&quot;desktop&quot;:&quot;Escritorio (&gt; 2400px)&quot;,&quot;none&quot;:&quot;Ninguno&quot;}\" data-hamburger-device=\"tablet\">\n                <ul id=\"menu-principal\" class=\"eael-simple-menu eael-simple-menu-dropdown-animate-to-top eael-simple-menu-indicator eael-simple-menu-horizontal\"><li id=\"menu-item-2897\" class=\"menu-item menu-item-type-post_type menu-item-object-page menu-item-home menu-item-2897\"><a href=\"https:\/\/publicaciones.unedzamora.es\/\">Publicaciones<\/a><\/li>\n<li id=\"menu-item-2912\" class=\"menu-item menu-item-type-post_type menu-item-object-page menu-item-2912\"><a href=\"https:\/\/publicaciones.unedzamora.es\/index.php\/videos-entrevistas\/\">Videos entrevistas<\/a><\/li>\n<\/ul>                <button class=\"eael-simple-menu-toggle\">\n                    <i aria-hidden=\"true\" class=\"fas fa-bars\"><\/i>                <\/button>\n            <\/div>\n            \t\t<\/div>\n\t\t\t\t<\/div>\n\t\t\t\t\t<\/div>\n\t\t<\/div>\n\t\t\t\t\t\t\t<\/div>\n\t\t<\/section>\n\t\t\t\t<section class=\"elementor-section elementor-top-section elementor-element elementor-element-12ca17a elementor-section-boxed elementor-section-height-default elementor-section-height-default\" data-id=\"12ca17a\" data-element_type=\"section\">\n\t\t\t\t\t\t<div class=\"elementor-container elementor-column-gap-default\">\n\t\t\t\t\t<div class=\"elementor-column elementor-col-100 elementor-top-column elementor-element elementor-element-d94af4f\" data-id=\"d94af4f\" data-element_type=\"column\">\n\t\t\t<div class=\"elementor-widget-wrap elementor-element-populated\">\n\t\t\t\t\t\t\t\t<div class=\"elementor-element elementor-element-059f8e8 elementor-widget elementor-widget-shortcode\" data-id=\"059f8e8\" data-element_type=\"widget\" data-widget_type=\"shortcode.default\">\n\t\t\t\t<div class=\"elementor-widget-container\">\n\t\t\t\t\t<div class=\"elementor-shortcode\"><style type=\"text\/css\">\r\n    .wbg-parent-wrapper {\r\n    background: #FFF;\r\n    border: 1px solid #FFFFFF;\r\n    max-width: 1200px;\r\n    margin-top: 0px;\r\n    margin-bottom: 0px;\r\n    padding: 0px;\r\n    border-radius: 0px;\r\n  }\r\n  \/* Search Panel *\/\r\n  .wbg-search-container {\r\n    background: #FFFFFF;\r\n    border: 0px solid #CCCCCC;\r\n    border-radius: 0px;\r\n  }\r\n  \/* Search Input *\/\r\n  .wbg-search-container .wbg-search-item input[type=\"text\"],\r\n  .selectize-control.single .selectize-input {\r\n    background-color: #FFFFFF;\r\n  }\r\n  \/* Search Button *\/\r\n  .wbg-search-container .wbg-search-item .submit-btn {\r\n    background: #5c9f38;\r\n    border: 1px solid #00470a;\r\n    color: #FFFFFF;\r\n  }\r\n  .wbg-search-container .wbg-search-item .submit-btn:hover {\r\n    background: #EAEAEA;\r\n    color: #242424;\r\n  }\r\n  \/* Search Reset Button *\/\r\n  .wbg-search-container .wbg-search-item a#wbg-search-refresh {\r\n    background: #EEEEEE;\r\n    border: 1px solid #999999;\r\n    color: #111111;\r\n  }\r\n  .wbg-main-wrapper .wbg-item {\r\n    border: 1px solid #FFFFFF;\r\n    background-color: #F4F4F4;\r\n    white-space: normal;\r\n  }\r\n  .wbg-main-wrapper .wbg-item img {\r\n    width: auto;\r\n    height: 150px;\r\n  }\r\n  .wbg-main-wrapper .wbg-item img:hover {\r\n          -webkit-animation: rotation 0.8s  linear;\r\n        }\r\n  .wbg-main-wrapper .wbg-item a.wbg-btn {\r\n    background: #5c9f38;\r\n    color: #FFFFFF;\r\n    font-size: 12px;\r\n  }\r\n  .wbg-main-wrapper .wbg-item a.wbg-btn:hover {\r\n    background: #5c9f38;\r\n    color: #FFFFFF;\r\n  }\r\n  .wbg-main-wrapper .wbg-item .wgb-item-link {\r\n    color: #242424 !important;\r\n    font-size: 18px !important;\r\n  }\r\n  .wbg-main-wrapper .wbg-item .wgb-item-link:hover {\r\n    color: #5c9f38 !important;\r\n  }\r\n  .wbg-main-wrapper .wbg-item .wbg-description-content {\r\n    font-size: 12px !important;\r\n    color: #242424 !important;\r\n  }\r\n      .wbg-pagination .page-numbers li {\r\n      transition: all 0.3s linear;\r\n      background: #FFFFFF;\r\n    }\r\n    .wbg-pagination .page-numbers li a,\r\n    .wbg-pagination .page-numbers li span.dots {\r\n      color: #242424;\r\n    }\r\n    div.wbg-pagination > ul.page-numbers > li:hover {\r\n      background: #DDDDDD;\r\n    }\r\n    div.wbg-pagination > ul.page-numbers > li:hover a,\r\n    div.wbg-pagination > ul.page-numbers > li:hover a:hover,\r\n    div.wbg-pagination > ul.page-numbers > li:hover span.dots {\r\n      background: #DDDDDD;\r\n      color: #242424;\r\n    }\r\n    div.wbg-pagination > ul.page-numbers > li > span.page-numbers.current {\r\n      background: #DDDDDD;\r\n      color: #242424;\r\n    }\r\n    .wbg-main-wrapper .wbg-item span.book-format {\r\n      color: #006600;\r\n      font-size: 11px !important;\r\n    }\r\n    .wbg-main-wrapper .wbg-item span.loop-category {\r\n      color: #555555;\r\n      font-size: 11px !important;\r\n    }\r\n    .wbg-main-wrapper .wbg-item span.loop-author {\r\n      color: #555555;\r\n      font-size: 11px !important;\r\n    }\r\n    .wbg-main-wrapper .wbg-item .regular-price span.wbgp-price.price-after {\r\n        color: #13b651;\r\n    }\r\n    .wbg-main-wrapper .wbg-item .regular-price span.wbgp-price.price-before {\r\n        color: #ff7162;\r\n    }\r\n    .regular-price span.wbgp-price {\r\n      font-size: 16px;\r\n    }\r\n    \r\n  @-webkit-keyframes rotation {\r\n    from {\r\n      -webkit-transform: rotate(0deg);\r\n    }\r\n    to {\r\n      -webkit-transform: rotate(360deg);\r\n    }\r\n  }\r\n<\/style>  <div class=\"wbg-parent-wrapper\">\r\n    <form method=\"GET\" action=\"https:\/\/publicaciones.unedzamora.es\/\" id=\"wbg-search-form\">\r\n    <div class=\"wrap wbg-search-container\">\r\n              <div class=\"wbg-search-item\">\r\n            <input type=\"text\" name=\"wbg_title_s\" placeholder=\"Titulo\" value=\"\">\r\n          <\/div>\r\n                    <div class=\"wbg-search-item\">\r\n            <select id=\"wbg_category_s\" name=\"wbg_category_s\" class=\"wbg-selectize\">\r\n                <option value=\"\">Categor\u00eda<\/option>\r\n                                  <option value=\"Cultura del vino\"  >Cultura del vino<\/option>\r\n                                    <option value=\"Estudios hist\u00f3ricos generales\"  >Estudios hist\u00f3ricos generales<\/option>\r\n                                    <option value=\"Historia de Espa\u00f1a y de Castilla y Le\u00f3n\"  >Historia de Espa\u00f1a y de Castilla y Le\u00f3n<\/option>\r\n                                    <option value=\"Historia de la emigraci\u00f3n castellana y leonesa\"  >Historia de la emigraci\u00f3n castellana y leonesa<\/option>\r\n                                    <option value=\"Historia y arte de Zamora\"  >Historia y arte de Zamora<\/option>\r\n                                    <option value=\"Memoria de la emigraci\u00f3n\"  >Memoria de la emigraci\u00f3n<\/option>\r\n                                    <option value=\"Revistas\"  >Revistas<\/option>\r\n                                    <option value=\"Studia Zamorensia\"  >Studia Zamorensia<\/option>\r\n                                    <option value=\"Vario\"  >Vario<\/option>\r\n                              <\/select>\r\n          <\/div>\r\n          \r\n    <div class=\"wbg-search-item\">\r\n      <input type=\"submit\" class=\"button submit-btn\" value=\"Buscar\">\r\n    <\/div>\r\n    <div class=\"wbg-search-item\">\r\n      <a href=\"https:\/\/publicaciones.unedzamora.es\/\" class=\"fa fa-refresh\" id=\"wbg-search-refresh\"><\/a>\r\n    <\/div>\r\n\r\n  <\/div>\r\n<\/form>      <div class=\"wbg-item-sorting clearfix\">\r\n        <div class=\"result-column pull-left\">\r\n          <div class=\"wbg-total-books-title\">\r\n            Mostrando <span>1-80 of 80<\/span> Libros          <\/div>\r\n        <\/div>\r\n              <\/div>\r\n          <div class=\"wbg-main-wrapper wbg-product-column-4 wbg-product-column-mobile-1\">\r\n              <div class=\"wbg-item\">\r\n                      <a class=\"wgb-item-link\" href=\"https:\/\/publicaciones.unedzamora.es\/index.php\/books\/iii-premio-memoria-de-la-emigracion-espanola\/\"  target=&quot;_blank&quot;>\r\n              <img decoding=\"async\" src=\"https:\/\/publicaciones.unedzamora.es\/wp-content\/uploads\/2026\/02\/III-premio.png\" alt=\"No hay una imagen disponible\" width=\"200\">\r\n              III Premio Memoria de la Emigraci\u00f3n Espa\u00f1ola            <\/a>\r\n            \r\n          \r\n          \r\n                      <div class=\"regular-price\">\r\n                                        <\/div>\r\n            \r\n          <div class=\"wbg-button-container\">\r\n                              <a href=\"http:\/\/publicaciones.unedzamora.es\/wp-content\/uploads\/2026\/02\/III-Premio-EMIGRACION-1.pdf\" class=\"button wbg-btn\" target=\"_blank\">\r\n                      <i class=\"fa-solid fa-download\"><\/i>&nbsp;Descargar                    <\/a>\r\n                              <\/div>\r\n        <\/div>\r\n                <div class=\"wbg-item\">\r\n                      <a class=\"wgb-item-link\" href=\"https:\/\/publicaciones.unedzamora.es\/index.php\/books\/ii-premio-memoria-escolar-rural\/\"  target=&quot;_blank&quot;>\r\n              <img decoding=\"async\" src=\"https:\/\/publicaciones.unedzamora.es\/wp-content\/uploads\/2025\/09\/Paginas-desde2025-II-Premio-Memoria-Escolar-Rural.jpg\" alt=\"No hay una imagen disponible\" width=\"200\">\r\n              II Premio Memoria Escolar Rural            <\/a>\r\n            \r\n          \r\n          \r\n                      <div class=\"regular-price\">\r\n                                        <\/div>\r\n            \r\n          <div class=\"wbg-button-container\">\r\n                              <a href=\"http:\/\/publicaciones.unedzamora.es\/wp-content\/uploads\/2025\/09\/2025-II-Premio-Memoria-Escolar-Rural.pdf\" class=\"button wbg-btn\" target=\"_blank\">\r\n                      <i class=\"fa-solid fa-download\"><\/i>&nbsp;Descargar                    <\/a>\r\n                              <\/div>\r\n        <\/div>\r\n                <div class=\"wbg-item\">\r\n                      <a class=\"wgb-item-link\" href=\"https:\/\/publicaciones.unedzamora.es\/index.php\/books\/ii-premio-memoria-de-la-emigracion-espanola\/\"  target=&quot;_blank&quot;>\r\n              <img decoding=\"async\" src=\"https:\/\/publicaciones.unedzamora.es\/wp-content\/uploads\/2025\/04\/portada_2024_II_Premio_Memoria_de_la_Emigracion-scaled.jpg\" alt=\"No hay una imagen disponible\" width=\"200\">\r\n              II Premio Memoria de la Emigraci\u00f3n Espa\u00f1ola            <\/a>\r\n            \r\n          \r\n          \r\n                      <div class=\"regular-price\">\r\n                                        <\/div>\r\n            \r\n          <div class=\"wbg-button-container\">\r\n                              <a href=\"http:\/\/publicaciones.unedzamora.es\/wp-content\/uploads\/2025\/04\/2024_II_Premio_Memoria_de_la_Emigracion.pdf\" class=\"button wbg-btn\" target=\"_blank\">\r\n                      <i class=\"fa-solid fa-download\"><\/i>&nbsp;Descargar                    <\/a>\r\n                              <\/div>\r\n        <\/div>\r\n                <div class=\"wbg-item\">\r\n                      <a class=\"wgb-item-link\" href=\"https:\/\/publicaciones.unedzamora.es\/index.php\/books\/i-premio-memoria-escolar-rural\/\"  target=&quot;_blank&quot;>\r\n              <img decoding=\"async\" src=\"https:\/\/publicaciones.unedzamora.es\/wp-content\/uploads\/2025\/04\/I-Premio-Memoria-Escolar-Rural-scaled.jpg\" alt=\"No hay una imagen disponible\" width=\"200\">\r\n              I Premio Memoria Escolar Rural            <\/a>\r\n            \r\n          \r\n          \r\n                      <div class=\"regular-price\">\r\n                                        <\/div>\r\n            \r\n          <div class=\"wbg-button-container\">\r\n                              <a href=\"http:\/\/publicaciones.unedzamora.es\/wp-content\/uploads\/2025\/04\/2024-I-Premio-Memoria-Escolar-Rural.pdf\" class=\"button wbg-btn\" target=\"_blank\">\r\n                      <i class=\"fa-solid fa-download\"><\/i>&nbsp;Descargar                    <\/a>\r\n                              <\/div>\r\n        <\/div>\r\n                <div class=\"wbg-item\">\r\n                      <a class=\"wgb-item-link\" href=\"https:\/\/publicaciones.unedzamora.es\/index.php\/books\/ii-premio-memoria-de-la-emigracion-zamorana\/\"  target=&quot;_blank&quot;>\r\n              <img decoding=\"async\" src=\"https:\/\/publicaciones.unedzamora.es\/wp-content\/uploads\/2024\/04\/Miniatura-scaled.jpg\" alt=\"No hay una imagen disponible\" width=\"200\">\r\n              II Premio Memoria de la emigracio\u0301n Zamorana            <\/a>\r\n            \r\n          \r\n          \r\n                      <div class=\"regular-price\">\r\n                                        <\/div>\r\n            \r\n          <div class=\"wbg-button-container\">\r\n                              <a href=\"http:\/\/publicaciones.unedzamora.es\/wp-content\/uploads\/2024\/04\/II-Premio-Memoria-de-la-emigracion-Zamorana-introduccion-e-indice.pdf\" class=\"button wbg-btn\" target=\"_blank\">\r\n                      <i class=\"fa-solid fa-download\"><\/i>&nbsp;Descargar                    <\/a>\r\n                              <\/div>\r\n        <\/div>\r\n                <div class=\"wbg-item\">\r\n                      <a class=\"wgb-item-link\" href=\"https:\/\/publicaciones.unedzamora.es\/index.php\/books\/i-premio-memoria-de-la-emigracion-espanola-volumen-general-3\/\"  target=&quot;_blank&quot;>\r\n              <img decoding=\"async\" src=\"https:\/\/publicaciones.unedzamora.es\/wp-content\/uploads\/2023\/12\/I-Premio-Memoria-de-la-Emigracion-Espanola-volumen-general-1.png\" alt=\"No hay una imagen disponible\" width=\"200\">\r\n              I Premio Memoria de la Emigraci\u00f3n Espa\u00f1ola (volumen general).            <\/a>\r\n            \r\n          \r\n          \r\n                      <div class=\"regular-price\">\r\n                                        <\/div>\r\n            \r\n          <div class=\"wbg-button-container\">\r\n                              <a href=\"http:\/\/publicaciones.unedzamora.es\/wp-content\/uploads\/2023\/12\/2023_I_Premio_Memoria_de_la_Emigracion_E.pdf\" class=\"button wbg-btn\" target=\"_blank\">\r\n                      <i class=\"fa-solid fa-download\"><\/i>&nbsp;Descargar                    <\/a>\r\n                              <\/div>\r\n        <\/div>\r\n                <div class=\"wbg-item\">\r\n                      <a class=\"wgb-item-link\" href=\"https:\/\/publicaciones.unedzamora.es\/index.php\/books\/i-premio-memoria-de-la-emigracion-espanola-volumen-premiados-3\/\"  target=&quot;_blank&quot;>\r\n              <img decoding=\"async\" src=\"https:\/\/publicaciones.unedzamora.es\/wp-content\/uploads\/2023\/12\/I-Premio-Memoria-de-la-Emigracion-Espanola-volumen-premiados-1.png\" alt=\"No hay una imagen disponible\" width=\"200\">\r\n              I Premio Memoria de la Emigraci\u00f3n Espa\u00f1ola (volumen premiados).            <\/a>\r\n            \r\n          \r\n          \r\n                      <div class=\"regular-price\">\r\n                                        <\/div>\r\n            \r\n          <div class=\"wbg-button-container\">\r\n                              <a href=\"http:\/\/publicaciones.unedzamora.es\/wp-content\/uploads\/2023\/12\/2023_I_Premio_Memoria_de_la_Emigracion_E-2.pdf\" class=\"button wbg-btn\" target=\"_blank\">\r\n                      <i class=\"fa-solid fa-download\"><\/i>&nbsp;Descargar                    <\/a>\r\n                              <\/div>\r\n        <\/div>\r\n                <div class=\"wbg-item\">\r\n                      <a class=\"wgb-item-link\" href=\"https:\/\/publicaciones.unedzamora.es\/index.php\/books\/migrantes-castellanos-y-leoneses-en-la-habana-3\/\"  target=&quot;_blank&quot;>\r\n              <img decoding=\"async\" src=\"https:\/\/publicaciones.unedzamora.es\/wp-content\/uploads\/2023\/12\/Migrantes-castellanos-y-leoneses-en-La-Habana-1.png\" alt=\"No hay una imagen disponible\" width=\"200\">\r\n              Migrantes Castellanos y Leoneses en La Habana.            <\/a>\r\n            \r\n          \r\n          \r\n                      <div class=\"regular-price\">\r\n                                        <\/div>\r\n            \r\n          <div class=\"wbg-button-container\">\r\n                              <a href=\"http:\/\/publicaciones.unedzamora.es\/wp-content\/uploads\/2024\/06\/Muestra_PDF_Castellanos-y-leoneses_reducido.pdf\" class=\"button wbg-btn\" target=\"_blank\">\r\n                      <i class=\"fa-solid fa-download\"><\/i>&nbsp;Descargar                    <\/a>\r\n                              <\/div>\r\n        <\/div>\r\n                <div class=\"wbg-item\">\r\n                      <a class=\"wgb-item-link\" href=\"https:\/\/publicaciones.unedzamora.es\/index.php\/books\/100-anos-de-zamoranos-en-argentina-2\/\"  target=&quot;_blank&quot;>\r\n              <img decoding=\"async\" src=\"https:\/\/publicaciones.unedzamora.es\/wp-content\/uploads\/2023\/12\/100-anos-de-Zamora-en-Argentina.-El-Centro-Zamorano-de-Buenos-Aires-1.jpg\" alt=\"No hay una imagen disponible\" width=\"200\">\r\n              100 A\u00f1os de Zamoranos en Argentina.            <\/a>\r\n            \r\n          \r\n          \r\n                      <div class=\"regular-price\">\r\n                                        <\/div>\r\n            \r\n          <div class=\"wbg-button-container\">\r\n                              <a href=\"http:\/\/publicaciones.unedzamora.es\/wp-content\/uploads\/2023\/12\/2023-100AnosdeZamoraenArgentina_Dacosta.pdf\" class=\"button wbg-btn\" target=\"_blank\">\r\n                      <i class=\"fa-solid fa-download\"><\/i>&nbsp;Descargar                    <\/a>\r\n                              <\/div>\r\n        <\/div>\r\n                <div class=\"wbg-item\">\r\n                      <a class=\"wgb-item-link\" href=\"https:\/\/publicaciones.unedzamora.es\/index.php\/books\/2022-el-cerco-de-zamora\/\"  target=&quot;_blank&quot;>\r\n              <img decoding=\"async\" src=\"https:\/\/publicaciones.unedzamora.es\/wp-content\/uploads\/2023\/12\/El-Cerco-de-Zamora-scaled.jpg\" alt=\"No hay una imagen disponible\" width=\"200\">\r\n              El cerco de Zamora            <\/a>\r\n            \r\n          \r\n          \r\n                      <div class=\"regular-price\">\r\n                                        <\/div>\r\n            \r\n          <div class=\"wbg-button-container\">\r\n                              <a href=\"http:\/\/publicaciones.unedzamora.es\/wp-content\/uploads\/2023\/12\/2022-El-Cerco-de-Zamora-definitivo.pdf\" class=\"button wbg-btn\" target=\"_blank\">\r\n                      <i class=\"fa-solid fa-download\"><\/i>&nbsp;Descargar                    <\/a>\r\n                              <\/div>\r\n        <\/div>\r\n                <div class=\"wbg-item\">\r\n                      <a class=\"wgb-item-link\" href=\"https:\/\/publicaciones.unedzamora.es\/index.php\/books\/studia-zamorensia-v-20\/\"  target=&quot;_blank&quot;>\r\n              <img decoding=\"async\" src=\"https:\/\/publicaciones.unedzamora.es\/wp-content\/uploads\/2024\/02\/V-20-A-21-scaled.jpg\" alt=\"No hay una imagen disponible\" width=\"200\">\r\n              Studia Zamorensia XX            <\/a>\r\n            \r\n          \r\n          \r\n                      <div class=\"regular-price\">\r\n                                        <\/div>\r\n            \r\n          <div class=\"wbg-button-container\">\r\n                              <a href=\"http:\/\/publicaciones.unedzamora.es\/wp-content\/uploads\/2024\/02\/2021.zip\" class=\"button wbg-btn\" target=\"_blank\">\r\n                      <i class=\"fa-solid fa-download\"><\/i>&nbsp;Descargar                    <\/a>\r\n                              <\/div>\r\n        <\/div>\r\n                <div class=\"wbg-item\">\r\n                      <a class=\"wgb-item-link\" href=\"https:\/\/publicaciones.unedzamora.es\/index.php\/books\/vi-premio-memoria-de-la-emigracion-castellana-y-leonesa-3\/\"  target=&quot;_blank&quot;>\r\n              <img decoding=\"async\" src=\"https:\/\/publicaciones.unedzamora.es\/wp-content\/uploads\/2023\/12\/VI-Premio-Memoria-de-la-emigracion-castellana-y-leonesa-1.jpg\" alt=\"No hay una imagen disponible\" width=\"200\">\r\n              VI Premio Memoria de la Emigraci\u00f3n Castellana y Leonesa            <\/a>\r\n            \r\n          \r\n          \r\n                      <div class=\"regular-price\">\r\n                                        <\/div>\r\n            \r\n          <div class=\"wbg-button-container\">\r\n                              <a href=\"http:\/\/publicaciones.unedzamora.es\/wp-content\/uploads\/2023\/12\/2020-VI-Premio-Memoria-Emigracion-CyL.pdf\" class=\"button wbg-btn\" target=\"_blank\">\r\n                      <i class=\"fa-solid fa-download\"><\/i>&nbsp;Descargar                    <\/a>\r\n                              <\/div>\r\n        <\/div>\r\n                <div class=\"wbg-item\">\r\n                      <a class=\"wgb-item-link\" href=\"https:\/\/publicaciones.unedzamora.es\/index.php\/books\/el-asociacionismo-espanol-de-una-emigracion-diferenciada-3\/\"  target=&quot;_blank&quot;>\r\n              <img decoding=\"async\" src=\"https:\/\/publicaciones.unedzamora.es\/wp-content\/uploads\/2023\/12\/El-asociacionismo-espanol-de-una-emigracion-diferenciada-1.jpg\" alt=\"No hay una imagen disponible\" width=\"200\">\r\n              El asociacionismo espa\u00f1ol de una emigraci\u00f3n diferenciada            <\/a>\r\n            \r\n          \r\n          \r\n                      <div class=\"regular-price\">\r\n                                        <\/div>\r\n            \r\n          <div class=\"wbg-button-container\">\r\n                              <a href=\"http:\/\/publicaciones.unedzamora.es\/wp-content\/uploads\/2023\/12\/2020-El-asociacionismo-espanol-de-una-emigracion-diferenciada-index.pdf\" class=\"button wbg-btn\" target=\"_blank\">\r\n                      <i class=\"fa-solid fa-download\"><\/i>&nbsp;Descargar                    <\/a>\r\n                              <\/div>\r\n        <\/div>\r\n                <div class=\"wbg-item\">\r\n                      <a class=\"wgb-item-link\" href=\"https:\/\/publicaciones.unedzamora.es\/index.php\/books\/un-siglo-de-una-asociacion-resistente-el-club-villarino-de-la-habana-1919-2019-3\/\"  target=&quot;_blank&quot;>\r\n              <img decoding=\"async\" src=\"https:\/\/publicaciones.unedzamora.es\/wp-content\/uploads\/2023\/12\/Un-siglo-de-una-asociacion-resistente-el-Club-Villarino-de-La-Habana-1919-2019-1.jpg\" alt=\"No hay una imagen disponible\" width=\"200\">\r\n              Un siglo de una asociaci\u00f3n resistente: el Club Villarino de La Habana (1919-2019)            <\/a>\r\n            \r\n          \r\n          \r\n                      <div class=\"regular-price\">\r\n                                        <\/div>\r\n            \r\n          <div class=\"wbg-button-container\">\r\n                              <a href=\"http:\/\/publicaciones.unedzamora.es\/wp-content\/uploads\/2023\/12\/2020-Club-Villarino-grande.pdf\" class=\"button wbg-btn\" target=\"_blank\">\r\n                      <i class=\"fa-solid fa-download\"><\/i>&nbsp;Descargar                    <\/a>\r\n                              <\/div>\r\n        <\/div>\r\n                <div class=\"wbg-item\">\r\n                      <a class=\"wgb-item-link\" href=\"https:\/\/publicaciones.unedzamora.es\/index.php\/books\/studia-zamorensia-v-19-2\/\"  target=&quot;_blank&quot;>\r\n              <img decoding=\"async\" src=\"https:\/\/publicaciones.unedzamora.es\/wp-content\/uploads\/2024\/02\/V-19-A-20.jpg\" alt=\"No hay una imagen disponible\" width=\"200\">\r\n              Studia Zamorensia 19            <\/a>\r\n            \r\n          \r\n          \r\n                      <div class=\"regular-price\">\r\n                                        <\/div>\r\n            \r\n          <div class=\"wbg-button-container\">\r\n                              <a href=\"http:\/\/publicaciones.unedzamora.es\/wp-content\/uploads\/2024\/02\/2020.zip\" class=\"button wbg-btn\" target=\"_blank\">\r\n                      <i class=\"fa-solid fa-download\"><\/i>&nbsp;Descargar                    <\/a>\r\n                              <\/div>\r\n        <\/div>\r\n                <div class=\"wbg-item\">\r\n                      <a class=\"wgb-item-link\" href=\"https:\/\/publicaciones.unedzamora.es\/index.php\/books\/castilla-y-leon-en-la-habana-3\/\"  target=&quot;_blank&quot;>\r\n              <img decoding=\"async\" src=\"https:\/\/publicaciones.unedzamora.es\/wp-content\/uploads\/2023\/12\/Castilla-y-Leon-en-La-Habana-1.png\" alt=\"No hay una imagen disponible\" width=\"200\">\r\n              Castilla y Le\u00f3n en La Habana            <\/a>\r\n            \r\n          \r\n          \r\n                      <div class=\"regular-price\">\r\n                                        <\/div>\r\n            \r\n          <div class=\"wbg-button-container\">\r\n                              <a href=\"http:\/\/publicaciones.unedzamora.es\/wp-content\/uploads\/2023\/12\/2019-Castilla-y-Leon-en-La-Habana-completo.pdf\" class=\"button wbg-btn\" target=\"_blank\">\r\n                      <i class=\"fa-solid fa-download\"><\/i>&nbsp;Descargar                    <\/a>\r\n                              <\/div>\r\n        <\/div>\r\n                <div class=\"wbg-item\">\r\n                      <a class=\"wgb-item-link\" href=\"https:\/\/publicaciones.unedzamora.es\/index.php\/books\/sombras-y-luces-historia-de-una-vida\/\"  target=&quot;_blank&quot;>\r\n              <img decoding=\"async\" src=\"https:\/\/publicaciones.unedzamora.es\/wp-content\/uploads\/2024\/04\/2019-Sombras_y_luces_historia_de_una_vida.png\" alt=\"No hay una imagen disponible\" width=\"200\">\r\n              Sombras y luces historia de una vida            <\/a>\r\n            \r\n          \r\n          \r\n                      <div class=\"regular-price\">\r\n                                        <\/div>\r\n            \r\n          <div class=\"wbg-button-container\">\r\n                              <a href=\"http:\/\/publicaciones.unedzamora.es\/wp-content\/uploads\/2024\/04\/2019-Sombras_y_luces_historia_de_una_vida.pdf\" class=\"button wbg-btn\" target=\"_blank\">\r\n                      <i class=\"fa-solid fa-download\"><\/i>&nbsp;Descargar                    <\/a>\r\n                              <\/div>\r\n        <\/div>\r\n                <div class=\"wbg-item\">\r\n                      <a class=\"wgb-item-link\" href=\"https:\/\/publicaciones.unedzamora.es\/index.php\/books\/studia-zamorensia-v-19\/\"  target=&quot;_blank&quot;>\r\n              <img decoding=\"async\" src=\"https:\/\/publicaciones.unedzamora.es\/wp-content\/uploads\/2024\/02\/V-18-A-19.png\" alt=\"No hay una imagen disponible\" width=\"200\">\r\n              Studia Zamorensia 18            <\/a>\r\n            \r\n          \r\n          \r\n                      <div class=\"regular-price\">\r\n                                        <\/div>\r\n            \r\n          <div class=\"wbg-button-container\">\r\n                              <a href=\"http:\/\/publicaciones.unedzamora.es\/wp-content\/uploads\/2024\/02\/2019.zip\" class=\"button wbg-btn\" target=\"_blank\">\r\n                      <i class=\"fa-solid fa-download\"><\/i>&nbsp;Descargar                    <\/a>\r\n                              <\/div>\r\n        <\/div>\r\n                <div class=\"wbg-item\">\r\n                      <a class=\"wgb-item-link\" href=\"https:\/\/publicaciones.unedzamora.es\/index.php\/books\/v-premio-memoria-de-la-emigracion-castellana-y-leonesa-zamora-3\/\"  target=&quot;_blank&quot;>\r\n              <img decoding=\"async\" src=\"https:\/\/publicaciones.unedzamora.es\/wp-content\/uploads\/2023\/12\/V-Premio-Memoria-de-la-Emigracion-Castellana-y-Leonesa.-Zamora-1.jpg\" alt=\"No hay una imagen disponible\" width=\"200\">\r\n              V Premio Memoria de la Emigraci\u00f3n Castellana y Leonesa            <\/a>\r\n            \r\n          \r\n          \r\n                      <div class=\"regular-price\">\r\n                                        <\/div>\r\n            \r\n          <div class=\"wbg-button-container\">\r\n                              <a href=\"http:\/\/publicaciones.unedzamora.es\/wp-content\/uploads\/2023\/12\/2018_V_Premio_Memoria_de_la_Emigracion_C.pdf\" class=\"button wbg-btn\" target=\"_blank\">\r\n                      <i class=\"fa-solid fa-download\"><\/i>&nbsp;Descargar                    <\/a>\r\n                              <\/div>\r\n        <\/div>\r\n                <div class=\"wbg-item\">\r\n                      <a class=\"wgb-item-link\" href=\"https:\/\/publicaciones.unedzamora.es\/index.php\/books\/studia-zamorensia-v-17\/\"  target=&quot;_blank&quot;>\r\n              <img decoding=\"async\" src=\"https:\/\/publicaciones.unedzamora.es\/wp-content\/uploads\/2024\/02\/V-17-A-18.jpg\" alt=\"No hay una imagen disponible\" width=\"200\">\r\n              Studia Zamorensia 17            <\/a>\r\n            \r\n          \r\n          \r\n                      <div class=\"regular-price\">\r\n                                        <\/div>\r\n            \r\n          <div class=\"wbg-button-container\">\r\n                              <a href=\"http:\/\/publicaciones.unedzamora.es\/wp-content\/uploads\/2024\/02\/2018.zip\" class=\"button wbg-btn\" target=\"_blank\">\r\n                      <i class=\"fa-solid fa-download\"><\/i>&nbsp;Descargar                    <\/a>\r\n                              <\/div>\r\n        <\/div>\r\n                <div class=\"wbg-item\">\r\n                      <a class=\"wgb-item-link\" href=\"https:\/\/publicaciones.unedzamora.es\/index.php\/books\/studia-zamorensia-v-16\/\"  target=&quot;_blank&quot;>\r\n              <img decoding=\"async\" src=\"https:\/\/publicaciones.unedzamora.es\/wp-content\/uploads\/2024\/02\/V-16-A-17.jpg\" alt=\"No hay una imagen disponible\" width=\"200\">\r\n              Studia Zamorensia 16            <\/a>\r\n            \r\n          \r\n          \r\n                      <div class=\"regular-price\">\r\n                                        <\/div>\r\n            \r\n          <div class=\"wbg-button-container\">\r\n                              <a href=\"http:\/\/publicaciones.unedzamora.es\/wp-content\/uploads\/2024\/02\/2017.zip\" class=\"button wbg-btn\" target=\"_blank\">\r\n                      <i class=\"fa-solid fa-download\"><\/i>&nbsp;Descargar                    <\/a>\r\n                              <\/div>\r\n        <\/div>\r\n                <div class=\"wbg-item\">\r\n                      <a class=\"wgb-item-link\" href=\"https:\/\/publicaciones.unedzamora.es\/index.php\/books\/los-discursos-identitarios-de-las-casas-de-zamora-y-leon-en-madrid-3\/\"  target=&quot;_blank&quot;>\r\n              <img decoding=\"async\" src=\"https:\/\/publicaciones.unedzamora.es\/wp-content\/uploads\/2023\/12\/Los-discursos-identitarios-de-las-Casas-de-Zamora-y-Leon-en-Madrid-1.png\" alt=\"No hay una imagen disponible\" width=\"200\">\r\n              Los discursos identitarios de las Casas de Zamora y Le\u00f3n en Madrid            <\/a>\r\n            \r\n          \r\n          \r\n                      <div class=\"regular-price\">\r\n                                        <\/div>\r\n            \r\n          <div class=\"wbg-button-container\">\r\n                              <a href=\"http:\/\/publicaciones.unedzamora.es\/wp-content\/uploads\/2023\/12\/2016_Los_discursos_identitarios_de_las_C.pdf\" class=\"button wbg-btn\" target=\"_blank\">\r\n                      <i class=\"fa-solid fa-download\"><\/i>&nbsp;Descargar                    <\/a>\r\n                              <\/div>\r\n        <\/div>\r\n                <div class=\"wbg-item\">\r\n                      <a class=\"wgb-item-link\" href=\"https:\/\/publicaciones.unedzamora.es\/index.php\/books\/memorias-de-francisco-j-sanchez-tamame-3\/\"  target=&quot;_blank&quot;>\r\n              <img decoding=\"async\" src=\"https:\/\/publicaciones.unedzamora.es\/wp-content\/uploads\/2023\/12\/Memorias-de-Francisco-J.-Sanchez-Tamame-1.png\" alt=\"No hay una imagen disponible\" width=\"200\">\r\n              Memorias de Francisco J. S\u00e1nchez Tamame            <\/a>\r\n            \r\n          \r\n          \r\n                      <div class=\"regular-price\">\r\n                                        <\/div>\r\n            \r\n          <div class=\"wbg-button-container\">\r\n                              <a href=\"http:\/\/publicaciones.unedzamora.es\/wp-content\/uploads\/2023\/12\/2016_Memorias_de_Francisco_J_Sanchez_Tam.pdf\" class=\"button wbg-btn\" target=\"_blank\">\r\n                      <i class=\"fa-solid fa-download\"><\/i>&nbsp;Descargar                    <\/a>\r\n                              <\/div>\r\n        <\/div>\r\n                <div class=\"wbg-item\">\r\n                      <a class=\"wgb-item-link\" href=\"https:\/\/publicaciones.unedzamora.es\/index.php\/books\/studia-zamorensia-v-15\/\"  target=&quot;_blank&quot;>\r\n              <img decoding=\"async\" src=\"https:\/\/publicaciones.unedzamora.es\/wp-content\/uploads\/2024\/02\/V-15-A-16.jpg\" alt=\"No hay una imagen disponible\" width=\"200\">\r\n              Studia Zamorensia 15            <\/a>\r\n            \r\n          \r\n          \r\n                      <div class=\"regular-price\">\r\n                                        <\/div>\r\n            \r\n          <div class=\"wbg-button-container\">\r\n                              <a href=\"http:\/\/publicaciones.unedzamora.es\/wp-content\/uploads\/2024\/02\/2016.zip\" class=\"button wbg-btn\" target=\"_blank\">\r\n                      <i class=\"fa-solid fa-download\"><\/i>&nbsp;Descargar                    <\/a>\r\n                              <\/div>\r\n        <\/div>\r\n                <div class=\"wbg-item\">\r\n                      <a class=\"wgb-item-link\" href=\"https:\/\/publicaciones.unedzamora.es\/index.php\/books\/2015-sic-vos-non-vobis\/\"  target=&quot;_blank&quot;>\r\n              <img decoding=\"async\" src=\"https:\/\/publicaciones.unedzamora.es\/wp-content\/uploads\/2023\/12\/Cubierta.jpg\" alt=\"No hay una imagen disponible\" width=\"200\">\r\n              Sic Vos Non Vobis            <\/a>\r\n            \r\n          \r\n          \r\n                      <div class=\"regular-price\">\r\n                                        <\/div>\r\n            \r\n          <div class=\"wbg-button-container\">\r\n                              <a href=\"http:\/\/publicaciones.unedzamora.es\/wp-content\/uploads\/2023\/12\/2015_Sic_vos_non_vobis.pdf\" class=\"button wbg-btn\" target=\"_blank\">\r\n                      <i class=\"fa-solid fa-download\"><\/i>&nbsp;Descargar                    <\/a>\r\n                              <\/div>\r\n        <\/div>\r\n                <div class=\"wbg-item\">\r\n                      <a class=\"wgb-item-link\" href=\"https:\/\/publicaciones.unedzamora.es\/index.php\/books\/la-colonia-zamorana-de-cuba-historia-presente-y-futuro-3\/\"  target=&quot;_blank&quot;>\r\n              <img decoding=\"async\" src=\"https:\/\/publicaciones.unedzamora.es\/wp-content\/uploads\/2023\/12\/La-Colonia-Zamorana-de-Cuba-historia-presente-y-futuro-1.jpg\" alt=\"No hay una imagen disponible\" width=\"200\">\r\n              La Colonia Zamorana de Cuba: historia, presente y futuro            <\/a>\r\n            \r\n          \r\n          \r\n                      <div class=\"regular-price\">\r\n                                        <\/div>\r\n            \r\n          <div class=\"wbg-button-container\">\r\n                              <a href=\"http:\/\/publicaciones.unedzamora.es\/wp-content\/uploads\/2023\/12\/2015_La_Colonia_Zamorana_de_Cuba.pdf\" class=\"button wbg-btn\" target=\"_blank\">\r\n                      <i class=\"fa-solid fa-download\"><\/i>&nbsp;Descargar                    <\/a>\r\n                              <\/div>\r\n        <\/div>\r\n                <div class=\"wbg-item\">\r\n                      <a class=\"wgb-item-link\" href=\"https:\/\/publicaciones.unedzamora.es\/index.php\/books\/fuentes-y-documentos-de-la-emigracion-castellana-y-leonesa-vol-2-no4\/\"  target=&quot;_blank&quot;>\r\n              <img decoding=\"async\" src=\"https:\/\/publicaciones.unedzamora.es\/wp-content\/uploads\/2024\/04\/Revista-01-2014-Centro-Castellano.png\" alt=\"No hay una imagen disponible\" width=\"200\">\r\n              Fuentes y documentos de la emigraci\u00f3n castellana y leonesa            <\/a>\r\n            \r\n          \r\n          \r\n                      <div class=\"regular-price\">\r\n                                        <\/div>\r\n            \r\n          <div class=\"wbg-button-container\">\r\n                              <a href=\"http:\/\/publicaciones.unedzamora.es\/wp-content\/uploads\/2024\/04\/Revista-04-2015-revista-Centro-Castellano.pdf\" class=\"button wbg-btn\" target=\"_blank\">\r\n                      <i class=\"fa-solid fa-download\"><\/i>&nbsp;Descargar                    <\/a>\r\n                              <\/div>\r\n        <\/div>\r\n                <div class=\"wbg-item\">\r\n                      <a class=\"wgb-item-link\" href=\"https:\/\/publicaciones.unedzamora.es\/index.php\/books\/fuentes-y-documentos-de-la-emigracion-castellana-y-leonesa-vol-2-no3\/\"  target=&quot;_blank&quot;>\r\n              <img decoding=\"async\" src=\"https:\/\/publicaciones.unedzamora.es\/wp-content\/uploads\/2024\/04\/Revista-02-2014-Colonia-Leonesa.png\" alt=\"No hay una imagen disponible\" width=\"200\">\r\n              Fuentes y documentos de la emigraci\u00f3n castellana y leonesa            <\/a>\r\n            \r\n          \r\n          \r\n                      <div class=\"regular-price\">\r\n                                        <\/div>\r\n            \r\n          <div class=\"wbg-button-container\">\r\n                              <a href=\"http:\/\/publicaciones.unedzamora.es\/wp-content\/uploads\/2024\/04\/Revista-03-2015-actas-Centro.pdf\" class=\"button wbg-btn\" target=\"_blank\">\r\n                      <i class=\"fa-solid fa-download\"><\/i>&nbsp;Descargar                    <\/a>\r\n                              <\/div>\r\n        <\/div>\r\n                <div class=\"wbg-item\">\r\n                      <a class=\"wgb-item-link\" href=\"https:\/\/publicaciones.unedzamora.es\/index.php\/books\/studia-zamorensia-v-14\/\"  target=&quot;_blank&quot;>\r\n              <img decoding=\"async\" src=\"https:\/\/publicaciones.unedzamora.es\/wp-content\/uploads\/2024\/02\/V-14-A-15.jpg\" alt=\"No hay una imagen disponible\" width=\"200\">\r\n              Studia Zamorensia 14            <\/a>\r\n            \r\n          \r\n          \r\n                      <div class=\"regular-price\">\r\n                                        <\/div>\r\n            \r\n          <div class=\"wbg-button-container\">\r\n                              <a href=\"http:\/\/publicaciones.unedzamora.es\/wp-content\/uploads\/2024\/02\/2015.zip\" class=\"button wbg-btn\" target=\"_blank\">\r\n                      <i class=\"fa-solid fa-download\"><\/i>&nbsp;Descargar                    <\/a>\r\n                              <\/div>\r\n        <\/div>\r\n                <div class=\"wbg-item\">\r\n                      <a class=\"wgb-item-link\" href=\"https:\/\/publicaciones.unedzamora.es\/index.php\/books\/el-asociacionismo-de-la-emigracion-espanola-en-el-exterior-significacion-y-vinculaciones-3\/\"  target=&quot;_blank&quot;>\r\n              <img decoding=\"async\" src=\"https:\/\/publicaciones.unedzamora.es\/wp-content\/uploads\/2023\/12\/El-asociacionismo-de-la-emigracion-espanola-en-el-exterior-significacion-y-vinculaciones-1.jpg\" alt=\"No hay una imagen disponible\" width=\"200\">\r\n              El asociacionismo de la emigraci\u00f3n espa\u00f1ola en el exterior: significaci\u00f3n y vinculaciones            <\/a>\r\n            \r\n          \r\n          \r\n                      <div class=\"regular-price\">\r\n                                        <\/div>\r\n            \r\n          <div class=\"wbg-button-container\">\r\n                              <a href=\"http:\/\/publicaciones.unedzamora.es\/wp-content\/uploads\/2023\/12\/2014_El_asociacionismo_en_la_emigracion.pdf\" class=\"button wbg-btn\" target=\"_blank\">\r\n                      <i class=\"fa-solid fa-download\"><\/i>&nbsp;Descargar                    <\/a>\r\n                              <\/div>\r\n        <\/div>\r\n                <div class=\"wbg-item\">\r\n                      <a class=\"wgb-item-link\" href=\"https:\/\/publicaciones.unedzamora.es\/index.php\/books\/fuentes-y-documentos-de-la-emigracion-castellana-y-leonesa-vol-1-no2\/\"  target=&quot;_blank&quot;>\r\n              <img decoding=\"async\" src=\"https:\/\/publicaciones.unedzamora.es\/wp-content\/uploads\/2024\/04\/Revista-03-2015-actas-Centro.png\" alt=\"No hay una imagen disponible\" width=\"200\">\r\n              Fuentes y documentos de la emigraci\u00f3n castellana y leonesa            <\/a>\r\n            \r\n          \r\n          \r\n                      <div class=\"regular-price\">\r\n                                        <\/div>\r\n            \r\n          <div class=\"wbg-button-container\">\r\n                              <a href=\"http:\/\/publicaciones.unedzamora.es\/wp-content\/uploads\/2024\/04\/Revista-02-2014-Colonia-Leonesa.pdf\" class=\"button wbg-btn\" target=\"_blank\">\r\n                      <i class=\"fa-solid fa-download\"><\/i>&nbsp;Descargar                    <\/a>\r\n                              <\/div>\r\n        <\/div>\r\n                <div class=\"wbg-item\">\r\n                      <a class=\"wgb-item-link\" href=\"https:\/\/publicaciones.unedzamora.es\/index.php\/books\/fuentes-y-documentos-de-la-emigracion-castellana-y-leonesa-vol-1-no1\/\"  target=&quot;_blank&quot;>\r\n              <img decoding=\"async\" src=\"https:\/\/publicaciones.unedzamora.es\/wp-content\/uploads\/2024\/04\/Revista-04-2015-revista-Centro-Castellano.png\" alt=\"No hay una imagen disponible\" width=\"200\">\r\n              Fuentes y documentos de la emigraci\u00f3n castellana y leonesa            <\/a>\r\n            \r\n          \r\n          \r\n                      <div class=\"regular-price\">\r\n                                        <\/div>\r\n            \r\n          <div class=\"wbg-button-container\">\r\n                              <a href=\"http:\/\/publicaciones.unedzamora.es\/wp-content\/uploads\/2024\/04\/Revista-01-2014-Centro-Castellano.pdf\" class=\"button wbg-btn\" target=\"_blank\">\r\n                      <i class=\"fa-solid fa-download\"><\/i>&nbsp;Descargar                    <\/a>\r\n                              <\/div>\r\n        <\/div>\r\n                <div class=\"wbg-item\">\r\n                      <a class=\"wgb-item-link\" href=\"https:\/\/publicaciones.unedzamora.es\/index.php\/books\/studia-zamorensia-v-1-2\/\"  target=&quot;_blank&quot;>\r\n              <img decoding=\"async\" src=\"https:\/\/publicaciones.unedzamora.es\/wp-content\/uploads\/2024\/02\/V-13-A-14-scaled.jpg\" alt=\"No hay una imagen disponible\" width=\"200\">\r\n              Studia Zamorensia 13            <\/a>\r\n            \r\n          \r\n          \r\n                      <div class=\"regular-price\">\r\n                                        <\/div>\r\n            \r\n          <div class=\"wbg-button-container\">\r\n                              <a href=\"http:\/\/publicaciones.unedzamora.es\/wp-content\/uploads\/2024\/02\/2014.zip\" class=\"button wbg-btn\" target=\"_blank\">\r\n                      <i class=\"fa-solid fa-download\"><\/i>&nbsp;Descargar                    <\/a>\r\n                              <\/div>\r\n        <\/div>\r\n                <div class=\"wbg-item\">\r\n                      <a class=\"wgb-item-link\" href=\"https:\/\/publicaciones.unedzamora.es\/index.php\/books\/iv-premio-memoria-de-la-emigracion-castellana-y-leonesa-3\/\"  target=&quot;_blank&quot;>\r\n              <img decoding=\"async\" src=\"https:\/\/publicaciones.unedzamora.es\/wp-content\/uploads\/2023\/12\/IV-Premio-Memoria-de-la-Emigracion-Castellana-y-Leonesa-1.png\" alt=\"No hay una imagen disponible\" width=\"200\">\r\n              IV Premio Memoria de la Emigraci\u00f3n Castellana y Leonesa            <\/a>\r\n            \r\n          \r\n          \r\n                      <div class=\"regular-price\">\r\n                                        <\/div>\r\n            \r\n          <div class=\"wbg-button-container\">\r\n                              <a href=\"http:\/\/publicaciones.unedzamora.es\/wp-content\/uploads\/2023\/12\/2013_IV_Premio_Memoria_de_la_emigracion.pdf\" class=\"button wbg-btn\" target=\"_blank\">\r\n                      <i class=\"fa-solid fa-download\"><\/i>&nbsp;Descargar                    <\/a>\r\n                              <\/div>\r\n        <\/div>\r\n                <div class=\"wbg-item\">\r\n                      <a class=\"wgb-item-link\" href=\"https:\/\/publicaciones.unedzamora.es\/index.php\/books\/studia-zamorensia-v-12\/\"  target=&quot;_blank&quot;>\r\n              <img decoding=\"async\" src=\"https:\/\/publicaciones.unedzamora.es\/wp-content\/uploads\/2024\/02\/V-12-a_13-scaled.jpg\" alt=\"No hay una imagen disponible\" width=\"200\">\r\n              Studia Zamorensia 12            <\/a>\r\n            \r\n          \r\n          \r\n                      <div class=\"regular-price\">\r\n                                        <\/div>\r\n            \r\n          <div class=\"wbg-button-container\">\r\n                              <a href=\"http:\/\/publicaciones.unedzamora.es\/wp-content\/uploads\/2024\/02\/2013.zip\" class=\"button wbg-btn\" target=\"_blank\">\r\n                      <i class=\"fa-solid fa-download\"><\/i>&nbsp;Descargar                    <\/a>\r\n                              <\/div>\r\n        <\/div>\r\n                <div class=\"wbg-item\">\r\n                      <a class=\"wgb-item-link\" href=\"https:\/\/publicaciones.unedzamora.es\/index.php\/books\/iii-premio-memoria-de-la-emigracion-castellana-y-leonesa-3\/\"  target=&quot;_blank&quot;>\r\n              <img decoding=\"async\" src=\"https:\/\/publicaciones.unedzamora.es\/wp-content\/uploads\/2023\/12\/III-Premio-Memoria-de-la-Emigracion-Castellana-y-Leonesa-1.jpg\" alt=\"No hay una imagen disponible\" width=\"200\">\r\n              III Premio Memoria de la Emigraci\u00f3n Castellana y Leonesa            <\/a>\r\n            \r\n          \r\n          \r\n                      <div class=\"regular-price\">\r\n                                        <\/div>\r\n            \r\n          <div class=\"wbg-button-container\">\r\n                              <a href=\"http:\/\/publicaciones.unedzamora.es\/wp-content\/uploads\/2023\/12\/2012_III_Premio_Memoria_de_la_emigracion.pdf\" class=\"button wbg-btn\" target=\"_blank\">\r\n                      <i class=\"fa-solid fa-download\"><\/i>&nbsp;Descargar                    <\/a>\r\n                              <\/div>\r\n        <\/div>\r\n                <div class=\"wbg-item\">\r\n                      <a class=\"wgb-item-link\" href=\"https:\/\/publicaciones.unedzamora.es\/index.php\/books\/studia-zamorensia-v-11\/\"  target=&quot;_blank&quot;>\r\n              <img decoding=\"async\" src=\"https:\/\/publicaciones.unedzamora.es\/wp-content\/uploads\/2024\/02\/V-11-A-12.jpg\" alt=\"No hay una imagen disponible\" width=\"200\">\r\n              Studia Zamorensia 11            <\/a>\r\n            \r\n          \r\n          \r\n                      <div class=\"regular-price\">\r\n                                        <\/div>\r\n            \r\n          <div class=\"wbg-button-container\">\r\n                              <a href=\"http:\/\/publicaciones.unedzamora.es\/wp-content\/uploads\/2024\/02\/2012.zip\" class=\"button wbg-btn\" target=\"_blank\">\r\n                      <i class=\"fa-solid fa-download\"><\/i>&nbsp;Descargar                    <\/a>\r\n                              <\/div>\r\n        <\/div>\r\n                <div class=\"wbg-item\">\r\n                      <a class=\"wgb-item-link\" href=\"https:\/\/publicaciones.unedzamora.es\/index.php\/books\/ii-premio-memoria-de-la-emigracion-castellana-y-leonesa-3\/\"  target=&quot;_blank&quot;>\r\n              <img decoding=\"async\" src=\"https:\/\/publicaciones.unedzamora.es\/wp-content\/uploads\/2023\/12\/II-Premio-Memoria-de-la-Emigracion-Castellana-y-Leonesa-1.jpg\" alt=\"No hay una imagen disponible\" width=\"200\">\r\n              II Premio Memoria de la Emigraci\u00f3n Castellana y Leonesa            <\/a>\r\n            \r\n          \r\n          \r\n                      <div class=\"regular-price\">\r\n                                        <\/div>\r\n            \r\n          <div class=\"wbg-button-container\">\r\n                              <a href=\"http:\/\/publicaciones.unedzamora.es\/wp-content\/uploads\/2023\/12\/2011_II_Premio_Memoria_de_la_emigracion.pdf\" class=\"button wbg-btn\" target=\"_blank\">\r\n                      <i class=\"fa-solid fa-download\"><\/i>&nbsp;Descargar                    <\/a>\r\n                              <\/div>\r\n        <\/div>\r\n                <div class=\"wbg-item\">\r\n                      <a class=\"wgb-item-link\" href=\"https:\/\/publicaciones.unedzamora.es\/index.php\/books\/memorias-de-un-sueno-la-emigracion-castellana-y-leonesa-a-amera\/\"  target=&quot;_blank&quot;>\r\n              <img decoding=\"async\" src=\"https:\/\/publicaciones.unedzamora.es\/wp-content\/uploads\/2023\/12\/Memorias-de-un-sueno.-La-emigracion-castellana-y-leonesa-a-America-1.jpg\" alt=\"No hay una imagen disponible\" width=\"200\">\r\n              Memorias de un sue\u00f1o. La emigraci\u00f3n castellana y leonesa a Am\u00e9rica            <\/a>\r\n            \r\n          \r\n          \r\n                      <div class=\"regular-price\">\r\n                                        <\/div>\r\n            \r\n          <div class=\"wbg-button-container\">\r\n                              <a href=\"http:\/\/publicaciones.unedzamora.es\/wp-content\/uploads\/2023\/12\/2011_Memorias_de_un_sueno_index.pdf\" class=\"button wbg-btn\" target=\"_blank\">\r\n                      <i class=\"fa-solid fa-download\"><\/i>&nbsp;Descargar                    <\/a>\r\n                              <\/div>\r\n        <\/div>\r\n                <div class=\"wbg-item\">\r\n                      <a class=\"wgb-item-link\" href=\"https:\/\/publicaciones.unedzamora.es\/index.php\/books\/congreso-la-emigracion-castellana-y-leonesa-en-el-marco-de-las-migraciones-espanolas\/\"  target=&quot;_blank&quot;>\r\n              <img decoding=\"async\" src=\"https:\/\/publicaciones.unedzamora.es\/wp-content\/uploads\/2023\/12\/2011_Congreso_emigracion-scaled.jpg\" alt=\"No hay una imagen disponible\" width=\"200\">\r\n              Congreso: La emigraci\u00f3n Castellana y Leonesa en el marco de las migraciones espa\u00f1olas            <\/a>\r\n            \r\n          \r\n          \r\n                      <div class=\"regular-price\">\r\n                                        <\/div>\r\n            \r\n          <div class=\"wbg-button-container\">\r\n                              <a href=\"http:\/\/publicaciones.unedzamora.es\/wp-content\/uploads\/2023\/12\/2011_Congreso_emigracion.pdf\" class=\"button wbg-btn\" target=\"_blank\">\r\n                      <i class=\"fa-solid fa-download\"><\/i>&nbsp;Descargar                    <\/a>\r\n                              <\/div>\r\n        <\/div>\r\n                <div class=\"wbg-item\">\r\n                      <a class=\"wgb-item-link\" href=\"https:\/\/publicaciones.unedzamora.es\/index.php\/books\/epoca-de-arrieros\/\"  target=&quot;_blank&quot;>\r\n              <img decoding=\"async\" src=\"https:\/\/publicaciones.unedzamora.es\/wp-content\/uploads\/2024\/04\/2011-Epoca-de-ARRIEROS-Angel-Ma-Alrenaz-Erburu.jpg\" alt=\"No hay una imagen disponible\" width=\"200\">\r\n              \u00c9poca de ARRIEROS            <\/a>\r\n            \r\n          \r\n          \r\n                      <div class=\"regular-price\">\r\n                                        <\/div>\r\n            \r\n          <div class=\"wbg-button-container\">\r\n                              <a href=\"http:\/\/publicaciones.unedzamora.es\/wp-content\/uploads\/2024\/04\/2011-Epoca-de-ARRIEROS-Angel-Ma-Alrenaz-Erburu_compressed.pdf\" class=\"button wbg-btn\" target=\"_blank\">\r\n                      <i class=\"fa-solid fa-download\"><\/i>&nbsp;Descargar                    <\/a>\r\n                              <\/div>\r\n        <\/div>\r\n                <div class=\"wbg-item\">\r\n                      <a class=\"wgb-item-link\" href=\"https:\/\/publicaciones.unedzamora.es\/index.php\/books\/studia-zamorensia-v-10\/\"  target=&quot;_blank&quot;>\r\n              <img decoding=\"async\" src=\"https:\/\/publicaciones.unedzamora.es\/wp-content\/uploads\/2024\/02\/V-10-A-11.jpg\" alt=\"No hay una imagen disponible\" width=\"200\">\r\n              Studia Zamorensia 10            <\/a>\r\n            \r\n          \r\n          \r\n                      <div class=\"regular-price\">\r\n                                        <\/div>\r\n            \r\n          <div class=\"wbg-button-container\">\r\n                              <a href=\"http:\/\/publicaciones.unedzamora.es\/wp-content\/uploads\/2024\/02\/2011.zip\" class=\"button wbg-btn\" target=\"_blank\">\r\n                      <i class=\"fa-solid fa-download\"><\/i>&nbsp;Descargar                    <\/a>\r\n                              <\/div>\r\n        <\/div>\r\n                <div class=\"wbg-item\">\r\n                      <a class=\"wgb-item-link\" href=\"https:\/\/publicaciones.unedzamora.es\/index.php\/books\/2010-la-institucion-del-parlamento-en-el-proceso-autonomico\/\"  target=&quot;_blank&quot;>\r\n              <img decoding=\"async\" src=\"https:\/\/publicaciones.unedzamora.es\/wp-content\/uploads\/2023\/12\/2010-Institucionalizacion-Parlamento-1-scaled.jpg\" alt=\"No hay una imagen disponible\" width=\"200\">\r\n              La Institucionalizaci\u00f3n del Parlamento en el proceso auton\u00f3mico            <\/a>\r\n            \r\n          \r\n          \r\n                      <div class=\"regular-price\">\r\n                                        <\/div>\r\n            \r\n          <div class=\"wbg-button-container\">\r\n                              <a href=\"http:\/\/publicaciones.unedzamora.es\/wp-content\/uploads\/2023\/12\/2010_Institucionalizacion_Parlamento.pdf\" class=\"button wbg-btn\" target=\"_blank\">\r\n                      <i class=\"fa-solid fa-download\"><\/i>&nbsp;Descargar                    <\/a>\r\n                              <\/div>\r\n        <\/div>\r\n                <div class=\"wbg-item\">\r\n                      <a class=\"wgb-item-link\" href=\"https:\/\/publicaciones.unedzamora.es\/index.php\/books\/2010-a-los-70-anos-de-la-guerra-civil-espanola\/\"  target=&quot;_blank&quot;>\r\n              <img decoding=\"async\" src=\"https:\/\/publicaciones.unedzamora.es\/wp-content\/uploads\/2023\/12\/2010-A-los-70-anos-Guerra-Civil-1-scaled.jpg\" alt=\"No hay una imagen disponible\" width=\"200\">\r\n              A los 70 a\u00f1os de la Guerra Civil Espa\u00f1ola            <\/a>\r\n            \r\n          \r\n          \r\n                      <div class=\"regular-price\">\r\n                                        <\/div>\r\n            \r\n          <div class=\"wbg-button-container\">\r\n                              <a href=\"http:\/\/publicaciones.unedzamora.es\/wp-content\/uploads\/2023\/12\/2010_A_los_70_anos_Guerra_Civil.pdf\" class=\"button wbg-btn\" target=\"_blank\">\r\n                      <i class=\"fa-solid fa-download\"><\/i>&nbsp;Descargar                    <\/a>\r\n                              <\/div>\r\n        <\/div>\r\n                <div class=\"wbg-item\">\r\n                      <a class=\"wgb-item-link\" href=\"https:\/\/publicaciones.unedzamora.es\/index.php\/books\/studia-zamorensia-v-9\/\"  target=&quot;_blank&quot;>\r\n              <img decoding=\"async\" src=\"https:\/\/publicaciones.unedzamora.es\/wp-content\/uploads\/2024\/02\/V-9-A-10.jpg\" alt=\"No hay una imagen disponible\" width=\"200\">\r\n              Studia Zamorensia 9            <\/a>\r\n            \r\n          \r\n          \r\n                      <div class=\"regular-price\">\r\n                                        <\/div>\r\n            \r\n          <div class=\"wbg-button-container\">\r\n                              <a href=\"http:\/\/publicaciones.unedzamora.es\/wp-content\/uploads\/2024\/02\/2010.zip\" class=\"button wbg-btn\" target=\"_blank\">\r\n                      <i class=\"fa-solid fa-download\"><\/i>&nbsp;Descargar                    <\/a>\r\n                              <\/div>\r\n        <\/div>\r\n                <div class=\"wbg-item\">\r\n                      <a class=\"wgb-item-link\" href=\"https:\/\/publicaciones.unedzamora.es\/index.php\/books\/memoria-de-la-emigracion-castellana-y-leonesa-2\/\"  target=&quot;_blank&quot;>\r\n              <img decoding=\"async\" src=\"https:\/\/publicaciones.unedzamora.es\/wp-content\/uploads\/2023\/12\/volumen2.jpg\" alt=\"No hay una imagen disponible\" width=\"200\">\r\n              I Premio Memoria de la emigraci\u00f3n Castellana y Leonesa. Vol. II            <\/a>\r\n            \r\n          \r\n          \r\n                      <div class=\"regular-price\">\r\n                                        <\/div>\r\n            \r\n          <div class=\"wbg-button-container\">\r\n                              <a href=\"http:\/\/publicaciones.unedzamora.es\/wp-content\/uploads\/2023\/12\/MemoriaIIbaja.pdf\" class=\"button wbg-btn\" target=\"_blank\">\r\n                      <i class=\"fa-solid fa-download\"><\/i>&nbsp;Descargar                    <\/a>\r\n                              <\/div>\r\n        <\/div>\r\n                <div class=\"wbg-item\">\r\n                      <a class=\"wgb-item-link\" href=\"https:\/\/publicaciones.unedzamora.es\/index.php\/books\/memoria-de-la-emigracion-castellana-y-leonesa\/\"  target=&quot;_blank&quot;>\r\n              <img decoding=\"async\" src=\"https:\/\/publicaciones.unedzamora.es\/wp-content\/uploads\/2023\/12\/volumen1.jpg\" alt=\"No hay una imagen disponible\" width=\"200\">\r\n              I Premio Memoria de la emigraci\u00f3n Castellana y Leonesa. Vol. I            <\/a>\r\n            \r\n          \r\n          \r\n                      <div class=\"regular-price\">\r\n                                        <\/div>\r\n            \r\n          <div class=\"wbg-button-container\">\r\n                              <a href=\"http:\/\/publicaciones.unedzamora.es\/wp-content\/uploads\/2023\/12\/MemoriaIbaja.pdf\" class=\"button wbg-btn\" target=\"_blank\">\r\n                      <i class=\"fa-solid fa-download\"><\/i>&nbsp;Descargar                    <\/a>\r\n                              <\/div>\r\n        <\/div>\r\n                <div class=\"wbg-item\">\r\n                      <a class=\"wgb-item-link\" href=\"https:\/\/publicaciones.unedzamora.es\/index.php\/books\/antropologia-del-noroeste-espanol\/\"  target=&quot;_blank&quot;>\r\n              <img decoding=\"async\" src=\"https:\/\/publicaciones.unedzamora.es\/wp-content\/uploads\/2024\/04\/2009_Antropologia_del_Noroeste_Espanol_i.png\" alt=\"No hay una imagen disponible\" width=\"200\">\r\n              Antropolog\u00eda del Noroeste Espa\u00f1ol            <\/a>\r\n            \r\n          \r\n          \r\n                      <div class=\"regular-price\">\r\n                                        <\/div>\r\n            \r\n          <div class=\"wbg-button-container\">\r\n                              <a href=\"http:\/\/publicaciones.unedzamora.es\/wp-content\/uploads\/2024\/04\/2009_Antropologia_del_Noroeste_Espanol_i.pdf\" class=\"button wbg-btn\" target=\"_blank\">\r\n                      <i class=\"fa-solid fa-download\"><\/i>&nbsp;Descargar                    <\/a>\r\n                              <\/div>\r\n        <\/div>\r\n                <div class=\"wbg-item\">\r\n                      <a class=\"wgb-item-link\" href=\"https:\/\/publicaciones.unedzamora.es\/index.php\/books\/memoria-de-la-emigracion-castellana-y-leonesa-3\/\"  target=&quot;_blank&quot;>\r\n              <img decoding=\"async\" src=\"https:\/\/publicaciones.unedzamora.es\/wp-content\/uploads\/2023\/12\/volumen3.jpg\" alt=\"No hay una imagen disponible\" width=\"200\">\r\n              I Premio Memoria de la emigraci\u00f3n Castellana y Leonesa. Vol. III            <\/a>\r\n            \r\n          \r\n          \r\n                      <div class=\"regular-price\">\r\n                                        <\/div>\r\n            \r\n          <div class=\"wbg-button-container\">\r\n                              <a href=\"http:\/\/publicaciones.unedzamora.es\/wp-content\/uploads\/2023\/12\/MemoriaIIIbaja.pdf\" class=\"button wbg-btn\" target=\"_blank\">\r\n                      <i class=\"fa-solid fa-download\"><\/i>&nbsp;Descargar                    <\/a>\r\n                              <\/div>\r\n        <\/div>\r\n                <div class=\"wbg-item\">\r\n                      <a class=\"wgb-item-link\" href=\"https:\/\/publicaciones.unedzamora.es\/index.php\/books\/2008-el-arte-de-una-villa-castellano-leonesa-villafafila\/\"  target=&quot;_blank&quot;>\r\n              <img decoding=\"async\" src=\"https:\/\/publicaciones.unedzamora.es\/wp-content\/uploads\/2023\/12\/2008-Villafafila-1-scaled.jpg\" alt=\"No hay una imagen disponible\" width=\"200\">\r\n              El arte de una villa castellano-leonesa: Villaf\u00e1fila            <\/a>\r\n            \r\n          \r\n          \r\n                      <div class=\"regular-price\">\r\n                                        <\/div>\r\n            \r\n          <div class=\"wbg-button-container\">\r\n                              <a href=\"http:\/\/publicaciones.unedzamora.es\/wp-content\/uploads\/2023\/12\/2008_Villafafila.pdf\" class=\"button wbg-btn\" target=\"_blank\">\r\n                      <i class=\"fa-solid fa-download\"><\/i>&nbsp;Descargar                    <\/a>\r\n                              <\/div>\r\n        <\/div>\r\n                <div class=\"wbg-item\">\r\n                      <a class=\"wgb-item-link\" href=\"https:\/\/publicaciones.unedzamora.es\/index.php\/books\/2008-la-ciudad-de-zamora-en-el-trienio-liberal-1820-1823\/\"  target=&quot;_blank&quot;>\r\n              <img decoding=\"async\" src=\"https:\/\/publicaciones.unedzamora.es\/wp-content\/uploads\/2023\/12\/image000.jpg\" alt=\"No hay una imagen disponible\" width=\"200\">\r\n              La ciudad de Zamora en el Trienio Liberal (1820-1823)            <\/a>\r\n            \r\n          \r\n          \r\n                      <div class=\"regular-price\">\r\n                                        <\/div>\r\n            \r\n          <div class=\"wbg-button-container\">\r\n                              <a href=\"http:\/\/publicaciones.unedzamora.es\/wp-content\/uploads\/2023\/12\/2008_Ciudad_Zamora.pdf\" class=\"button wbg-btn\" target=\"_blank\">\r\n                      <i class=\"fa-solid fa-download\"><\/i>&nbsp;Descargar                    <\/a>\r\n                              <\/div>\r\n        <\/div>\r\n                <div class=\"wbg-item\">\r\n                      <a class=\"wgb-item-link\" href=\"https:\/\/publicaciones.unedzamora.es\/index.php\/books\/el-asociacionismo-en-la-emigracion-espanola-a-america\/\"  target=&quot;_blank&quot;>\r\n              <img decoding=\"async\" src=\"https:\/\/publicaciones.unedzamora.es\/wp-content\/uploads\/2023\/12\/image005.jpg\" alt=\"No hay una imagen disponible\" width=\"200\">\r\n              El asociacionismo en la emigraci\u00f3n espa\u00f1ola a Am\u00e9rica            <\/a>\r\n            \r\n          \r\n          \r\n                      <div class=\"regular-price\">\r\n                                        <\/div>\r\n            \r\n          <div class=\"wbg-button-container\">\r\n                              <a href=\"http:\/\/publicaciones.unedzamora.es\/wp-content\/uploads\/2023\/12\/Asociacionismo.pdf\" class=\"button wbg-btn\" target=\"_blank\">\r\n                      <i class=\"fa-solid fa-download\"><\/i>&nbsp;Descargar                    <\/a>\r\n                              <\/div>\r\n        <\/div>\r\n                <div class=\"wbg-item\">\r\n                      <a class=\"wgb-item-link\" href=\"https:\/\/publicaciones.unedzamora.es\/index.php\/books\/studia-zamorensia-v-8\/\"  target=&quot;_blank&quot;>\r\n              <img decoding=\"async\" src=\"https:\/\/publicaciones.unedzamora.es\/wp-content\/uploads\/2024\/02\/V-8-A-8.png\" alt=\"No hay una imagen disponible\" width=\"200\">\r\n              Studia Zamorensia 8            <\/a>\r\n            \r\n          \r\n          \r\n                      <div class=\"regular-price\">\r\n                                        <\/div>\r\n            \r\n          <div class=\"wbg-button-container\">\r\n                              <a href=\"http:\/\/publicaciones.unedzamora.es\/wp-content\/uploads\/2024\/02\/2008.zip\" class=\"button wbg-btn\" target=\"_blank\">\r\n                      <i class=\"fa-solid fa-download\"><\/i>&nbsp;Descargar                    <\/a>\r\n                              <\/div>\r\n        <\/div>\r\n                <div class=\"wbg-item\">\r\n                      <a class=\"wgb-item-link\" href=\"https:\/\/publicaciones.unedzamora.es\/index.php\/books\/zamoranos-en-cuba\/\"  target=&quot;_blank&quot;>\r\n              <img decoding=\"async\" src=\"https:\/\/publicaciones.unedzamora.es\/wp-content\/uploads\/2023\/12\/image004.jpg\" alt=\"No hay una imagen disponible\" width=\"200\">\r\n              Zamoranos en Cuba            <\/a>\r\n            \r\n          \r\n          \r\n                      <div class=\"regular-price\">\r\n                                        <\/div>\r\n            \r\n          <div class=\"wbg-button-container\">\r\n                              <a href=\"http:\/\/publicaciones.unedzamora.es\/wp-content\/uploads\/2023\/12\/Zamoranos_en_Cuba.pdf\" class=\"button wbg-btn\" target=\"_blank\">\r\n                      <i class=\"fa-solid fa-download\"><\/i>&nbsp;Descargar                    <\/a>\r\n                              <\/div>\r\n        <\/div>\r\n                <div class=\"wbg-item\">\r\n                      <a class=\"wgb-item-link\" href=\"https:\/\/publicaciones.unedzamora.es\/index.php\/books\/de-zamora-a-cuba-memoria-de-la-emigracion-zamorana-iii\/\"  target=&quot;_blank&quot;>\r\n              <img decoding=\"async\" src=\"https:\/\/publicaciones.unedzamora.es\/wp-content\/uploads\/2023\/12\/image003.jpg\" alt=\"No hay una imagen disponible\" width=\"200\">\r\n              De Zamora a Cuba. Memoria de la emigraci\u00f3n Zamorana III            <\/a>\r\n            \r\n          \r\n          \r\n                      <div class=\"regular-price\">\r\n                                        <\/div>\r\n            \r\n          <div class=\"wbg-button-container\">\r\n                              <a href=\"http:\/\/publicaciones.unedzamora.es\/wp-content\/uploads\/2023\/12\/Emigracion_Zamorana_III.pdf\" class=\"button wbg-btn\" target=\"_blank\">\r\n                      <i class=\"fa-solid fa-download\"><\/i>&nbsp;Descargar                    <\/a>\r\n                              <\/div>\r\n        <\/div>\r\n                <div class=\"wbg-item\">\r\n                      <a class=\"wgb-item-link\" href=\"https:\/\/publicaciones.unedzamora.es\/index.php\/books\/de-zamora-a-america-memoria-de-la-emigracion-zamorana-i\/\"  target=&quot;_blank&quot;>\r\n              <img decoding=\"async\" src=\"https:\/\/publicaciones.unedzamora.es\/wp-content\/uploads\/2023\/12\/image001.jpg\" alt=\"No hay una imagen disponible\" width=\"200\">\r\n              De Zamora a Am\u00e9rica. Memoria de la emigraci\u00f3n Zamorana I            <\/a>\r\n            \r\n          \r\n          \r\n                      <div class=\"regular-price\">\r\n                                        <\/div>\r\n            \r\n          <div class=\"wbg-button-container\">\r\n                              <a href=\"http:\/\/publicaciones.unedzamora.es\/wp-content\/uploads\/2023\/12\/Emigracion_Zamorana_I.pdf\" class=\"button wbg-btn\" target=\"_blank\">\r\n                      <i class=\"fa-solid fa-download\"><\/i>&nbsp;Descargar                    <\/a>\r\n                              <\/div>\r\n        <\/div>\r\n                <div class=\"wbg-item\">\r\n                      <a class=\"wgb-item-link\" href=\"https:\/\/publicaciones.unedzamora.es\/index.php\/books\/de-zamora-al-rio-de-la-plata-memoria-de-la-emigracion-zamorana-ii\/\"  target=&quot;_blank&quot;>\r\n              <img decoding=\"async\" src=\"https:\/\/publicaciones.unedzamora.es\/wp-content\/uploads\/2023\/12\/image002.jpg\" alt=\"No hay una imagen disponible\" width=\"200\">\r\n              De Zamora al R\u00edo de la Plata. Memoria de la emigraci\u00f3n Zamorana II            <\/a>\r\n            \r\n          \r\n          \r\n                      <div class=\"regular-price\">\r\n                                        <\/div>\r\n            \r\n          <div class=\"wbg-button-container\">\r\n                              <a href=\"http:\/\/publicaciones.unedzamora.es\/wp-content\/uploads\/2023\/12\/Emigracion_Zamorana_II.pdf\" class=\"button wbg-btn\" target=\"_blank\">\r\n                      <i class=\"fa-solid fa-download\"><\/i>&nbsp;Descargar                    <\/a>\r\n                              <\/div>\r\n        <\/div>\r\n                <div class=\"wbg-item\">\r\n                      <a class=\"wgb-item-link\" href=\"https:\/\/publicaciones.unedzamora.es\/index.php\/books\/zamoranos-en-madrid\/\"  target=&quot;_blank&quot;>\r\n              <img decoding=\"async\" src=\"https:\/\/publicaciones.unedzamora.es\/wp-content\/uploads\/2023\/12\/2005_Zamoranos_en_Madrid-scaled.jpg\" alt=\"No hay una imagen disponible\" width=\"200\">\r\n              Zamoranos en Madrid            <\/a>\r\n            \r\n          \r\n          \r\n                      <div class=\"regular-price\">\r\n                                        <\/div>\r\n            \r\n          <div class=\"wbg-button-container\">\r\n                              <a href=\"http:\/\/publicaciones.unedzamora.es\/wp-content\/uploads\/2023\/12\/2005_Zamoranos_en_Madrid.pdf\" class=\"button wbg-btn\" target=\"_blank\">\r\n                      <i class=\"fa-solid fa-download\"><\/i>&nbsp;Descargar                    <\/a>\r\n                              <\/div>\r\n        <\/div>\r\n                <div class=\"wbg-item\">\r\n                      <a class=\"wgb-item-link\" href=\"https:\/\/publicaciones.unedzamora.es\/index.php\/books\/los-castellanoleoneses-de-la-plata-guillermo-pilia\/\"  target=&quot;_blank&quot;>\r\n              <img decoding=\"async\" src=\"https:\/\/publicaciones.unedzamora.es\/wp-content\/uploads\/2024\/04\/2005-Los-castellanoleoneses-de-La-Plata-Guillermo-Pilia.jpeg\" alt=\"No hay una imagen disponible\" width=\"200\">\r\n              Los castellanoleoneses de La Plata Guillermo Pil\u00eda            <\/a>\r\n            \r\n          \r\n          \r\n                      <div class=\"regular-price\">\r\n                                        <\/div>\r\n            \r\n          <div class=\"wbg-button-container\">\r\n                              <a href=\"http:\/\/publicaciones.unedzamora.es\/wp-content\/uploads\/2024\/04\/2005-Los-castellanoleoneses-de-La-Plata-Guillermo-Pilia.pdf\" class=\"button wbg-btn\" target=\"_blank\">\r\n                      <i class=\"fa-solid fa-download\"><\/i>&nbsp;Descargar                    <\/a>\r\n                              <\/div>\r\n        <\/div>\r\n                <div class=\"wbg-item\">\r\n                      <a class=\"wgb-item-link\" href=\"https:\/\/publicaciones.unedzamora.es\/index.php\/books\/castellanos-y-leoneses-en-cuba-el-sueno-de-tantos\/\"  target=&quot;_blank&quot;>\r\n              <img decoding=\"async\" src=\"https:\/\/publicaciones.unedzamora.es\/wp-content\/uploads\/2024\/04\/2005-CASTELLANOS-Y-LEONESES-EN-CUBA-El-sueno-de-tantos-Juan-Andres-Blanco-Rodriguez.jpg\" alt=\"No hay una imagen disponible\" width=\"200\">\r\n              CASTELLANOS Y LEONESES EN CUBA El sue\u00f1o de tantos            <\/a>\r\n            \r\n          \r\n          \r\n                      <div class=\"regular-price\">\r\n                                        <\/div>\r\n            \r\n          <div class=\"wbg-button-container\">\r\n                              <a href=\"http:\/\/publicaciones.unedzamora.es\/wp-content\/uploads\/2024\/04\/2005-CASTELLANOS-Y-LEONESES-EN-CUBA-El-sueno-de-tantos-Juan-Andres-Blanco-Rodriguez_compressed.pdf\" class=\"button wbg-btn\" target=\"_blank\">\r\n                      <i class=\"fa-solid fa-download\"><\/i>&nbsp;Descargar                    <\/a>\r\n                              <\/div>\r\n        <\/div>\r\n                <div class=\"wbg-item\">\r\n                      <a class=\"wgb-item-link\" href=\"https:\/\/publicaciones.unedzamora.es\/index.php\/books\/el-sueno-de-muchos\/\"  target=&quot;_blank&quot;>\r\n              <img decoding=\"async\" src=\"https:\/\/publicaciones.unedzamora.es\/wp-content\/uploads\/2024\/04\/2005-El-Sueno-de-Muchos.-Estudios.png\" alt=\"No hay una imagen disponible\" width=\"200\">\r\n              El Sue\u00f1o de Muchos            <\/a>\r\n            \r\n          \r\n          \r\n                      <div class=\"regular-price\">\r\n                                        <\/div>\r\n            \r\n          <div class=\"wbg-button-container\">\r\n                              <a href=\"http:\/\/publicaciones.unedzamora.es\/wp-content\/uploads\/2024\/04\/2005-El-Sueno-de-Muchos.-Estudios.pdf\" class=\"button wbg-btn\" target=\"_blank\">\r\n                      <i class=\"fa-solid fa-download\"><\/i>&nbsp;Descargar                    <\/a>\r\n                              <\/div>\r\n        <\/div>\r\n                <div class=\"wbg-item\">\r\n                      <a class=\"wgb-item-link\" href=\"https:\/\/publicaciones.unedzamora.es\/index.php\/books\/studia-zamorensia-v-7\/\"  target=&quot;_blank&quot;>\r\n              <img decoding=\"async\" src=\"https:\/\/publicaciones.unedzamora.es\/wp-content\/uploads\/2024\/02\/V-7-A-5.png\" alt=\"No hay una imagen disponible\" width=\"200\">\r\n              Studia Zamorensia 7            <\/a>\r\n            \r\n          \r\n          \r\n                      <div class=\"regular-price\">\r\n                                        <\/div>\r\n            \r\n          <div class=\"wbg-button-container\">\r\n                              <a href=\"http:\/\/publicaciones.unedzamora.es\/wp-content\/uploads\/2024\/02\/2005.zip\" class=\"button wbg-btn\" target=\"_blank\">\r\n                      <i class=\"fa-solid fa-download\"><\/i>&nbsp;Descargar                    <\/a>\r\n                              <\/div>\r\n        <\/div>\r\n                <div class=\"wbg-item\">\r\n                      <a class=\"wgb-item-link\" href=\"https:\/\/publicaciones.unedzamora.es\/index.php\/books\/2003-el-sector-vitivinicola-en-castilla-y-leon\/\"  target=&quot;_blank&quot;>\r\n              <img decoding=\"async\" src=\"https:\/\/publicaciones.unedzamora.es\/wp-content\/uploads\/2023\/12\/Elsectorvitivinicola-scaled.jpg\" alt=\"No hay una imagen disponible\" width=\"200\">\r\n              El sector vitivin\u00edcola en Castilla y Le\u00f3n            <\/a>\r\n            \r\n          \r\n          \r\n                      <div class=\"regular-price\">\r\n                                        <\/div>\r\n            \r\n          <div class=\"wbg-button-container\">\r\n                              <a href=\"http:\/\/publicaciones.unedzamora.es\/wp-content\/uploads\/2023\/12\/2003_El-sector_vitivinicola.pdf\" class=\"button wbg-btn\" target=\"_blank\">\r\n                      <i class=\"fa-solid fa-download\"><\/i>&nbsp;Descargar                    <\/a>\r\n                              <\/div>\r\n        <\/div>\r\n                <div class=\"wbg-item\">\r\n                      <a class=\"wgb-item-link\" href=\"https:\/\/publicaciones.unedzamora.es\/index.php\/books\/2003-los-ninos-griegos\/\"  target=&quot;_blank&quot;>\r\n              <img decoding=\"async\" src=\"https:\/\/publicaciones.unedzamora.es\/wp-content\/uploads\/2023\/12\/griegos-scaled.jpg\" alt=\"No hay una imagen disponible\" width=\"200\">\r\n              Los ni\u00f1os griegos            <\/a>\r\n            \r\n          \r\n          \r\n                      <div class=\"regular-price\">\r\n                                        <\/div>\r\n            \r\n          <div class=\"wbg-button-container\">\r\n                              <a href=\"http:\/\/publicaciones.unedzamora.es\/wp-content\/uploads\/2023\/12\/2003_griegos.pdf\" class=\"button wbg-btn\" target=\"_blank\">\r\n                      <i class=\"fa-solid fa-download\"><\/i>&nbsp;Descargar                    <\/a>\r\n                              <\/div>\r\n        <\/div>\r\n                <div class=\"wbg-item\">\r\n                      <a class=\"wgb-item-link\" href=\"https:\/\/publicaciones.unedzamora.es\/index.php\/books\/zamora-y-castilla-y-leon-en-las-migraciones-espanolas\/\"  target=&quot;_blank&quot;>\r\n              <img decoding=\"async\" src=\"https:\/\/publicaciones.unedzamora.es\/wp-content\/uploads\/2023\/12\/portada_maleta.jpg\" alt=\"No hay una imagen disponible\" width=\"200\">\r\n              Zamora y Castilla y Le\u00f3n en las migraciones espa\u00f1olas            <\/a>\r\n            \r\n          \r\n          \r\n                      <div class=\"regular-price\">\r\n                                        <\/div>\r\n            \r\n          <div class=\"wbg-button-container\">\r\n                              <a href=\"http:\/\/publicaciones.unedzamora.es\/wp-content\/uploads\/2023\/12\/ZamorayCyLenLasMigracionesEspanolas.pdf\" class=\"button wbg-btn\" target=\"_blank\">\r\n                      <i class=\"fa-solid fa-download\"><\/i>&nbsp;Descargar                    <\/a>\r\n                              <\/div>\r\n        <\/div>\r\n                <div class=\"wbg-item\">\r\n                      <a class=\"wgb-item-link\" href=\"https:\/\/publicaciones.unedzamora.es\/index.php\/books\/2002-vino-y-cultura-en-la-edad-media\/\"  target=&quot;_blank&quot;>\r\n              <img decoding=\"async\" src=\"https:\/\/publicaciones.unedzamora.es\/wp-content\/uploads\/2023\/12\/Vinoycultura-scaled.jpg\" alt=\"No hay una imagen disponible\" width=\"200\">\r\n              Vino y cultura en la Edad Media            <\/a>\r\n            \r\n          \r\n          \r\n                      <div class=\"regular-price\">\r\n                                        <\/div>\r\n            \r\n          <div class=\"wbg-button-container\">\r\n                              <a href=\"http:\/\/publicaciones.unedzamora.es\/wp-content\/uploads\/2023\/12\/2002_Vino_y_cultura_en_la_EM.pdf\" class=\"button wbg-btn\" target=\"_blank\">\r\n                      <i class=\"fa-solid fa-download\"><\/i>&nbsp;Descargar                    <\/a>\r\n                              <\/div>\r\n        <\/div>\r\n                <div class=\"wbg-item\">\r\n                      <a class=\"wgb-item-link\" href=\"https:\/\/publicaciones.unedzamora.es\/index.php\/books\/2002-toro-tierra-del-vino-fermoselle-y-valles-de-benavente\/\"  target=&quot;_blank&quot;>\r\n              <img decoding=\"async\" src=\"https:\/\/publicaciones.unedzamora.es\/wp-content\/uploads\/2023\/12\/Estudiovitivinicola.jpg\" alt=\"No hay una imagen disponible\" width=\"200\">\r\n              Estudio vitivin\u00edcola de las zonas de Toro, Tierra del Vino, Fermoselle y Valles de Benavente            <\/a>\r\n            \r\n          \r\n          \r\n                      <div class=\"regular-price\">\r\n                                        <\/div>\r\n            \r\n          <div class=\"wbg-button-container\">\r\n                              <a href=\"http:\/\/publicaciones.unedzamora.es\/wp-content\/uploads\/2023\/12\/2002_Estudio_vitivinicola.pdf\" class=\"button wbg-btn\" target=\"_blank\">\r\n                      <i class=\"fa-solid fa-download\"><\/i>&nbsp;Descargar                    <\/a>\r\n                              <\/div>\r\n        <\/div>\r\n                <div class=\"wbg-item\">\r\n                      <a class=\"wgb-item-link\" href=\"https:\/\/publicaciones.unedzamora.es\/index.php\/books\/2002-vida-y-obra-de-juan-lopez-de-zamora\/\"  target=&quot;_blank&quot;>\r\n              <img decoding=\"async\" src=\"https:\/\/publicaciones.unedzamora.es\/wp-content\/uploads\/2023\/12\/2002-Juan-Lopez-de-Zamora-1-scaled.jpg\" alt=\"No hay una imagen disponible\" width=\"200\">\r\n              Vida y obra de Juan L\u00f3pez de Zamora            <\/a>\r\n            \r\n          \r\n          \r\n                      <div class=\"regular-price\">\r\n                                        <\/div>\r\n            \r\n          <div class=\"wbg-button-container\">\r\n                              <a href=\"http:\/\/publicaciones.unedzamora.es\/wp-content\/uploads\/2023\/12\/2002_Juan_Lopez_de_Zamora.pdf\" class=\"button wbg-btn\" target=\"_blank\">\r\n                      <i class=\"fa-solid fa-download\"><\/i>&nbsp;Descargar                    <\/a>\r\n                              <\/div>\r\n        <\/div>\r\n                <div class=\"wbg-item\">\r\n                      <a class=\"wgb-item-link\" href=\"https:\/\/publicaciones.unedzamora.es\/index.php\/books\/studia-zamorensia-v-6\/\"  target=&quot;_blank&quot;>\r\n              <img decoding=\"async\" src=\"https:\/\/publicaciones.unedzamora.es\/wp-content\/uploads\/2024\/02\/V-6-A-2.png\" alt=\"No hay una imagen disponible\" width=\"200\">\r\n              Studia Zamorensia 6            <\/a>\r\n            \r\n          \r\n          \r\n                      <div class=\"regular-price\">\r\n                                        <\/div>\r\n            \r\n          <div class=\"wbg-button-container\">\r\n                              <a href=\"http:\/\/publicaciones.unedzamora.es\/wp-content\/uploads\/2024\/02\/2002.zip\" class=\"button wbg-btn\" target=\"_blank\">\r\n                      <i class=\"fa-solid fa-download\"><\/i>&nbsp;Descargar                    <\/a>\r\n                              <\/div>\r\n        <\/div>\r\n                <div class=\"wbg-item\">\r\n                      <a class=\"wgb-item-link\" href=\"https:\/\/publicaciones.unedzamora.es\/index.php\/books\/2001-fernando-iii-a-traves-de-las-cronicas-medievales\/\"  target=&quot;_blank&quot;>\r\n              <img decoding=\"async\" src=\"https:\/\/publicaciones.unedzamora.es\/wp-content\/uploads\/2023\/12\/2001-Fernando-III-1-scaled.jpg\" alt=\"No hay una imagen disponible\" width=\"200\">\r\n              Fernando III a trav\u00e9s de las cr\u00f3nicas medievales            <\/a>\r\n            \r\n          \r\n          \r\n                      <div class=\"regular-price\">\r\n                                        <\/div>\r\n            \r\n          <div class=\"wbg-button-container\">\r\n                              <a href=\"http:\/\/publicaciones.unedzamora.es\/wp-content\/uploads\/2023\/12\/2001_Fernando_III.pdf\" class=\"button wbg-btn\" target=\"_blank\">\r\n                      <i class=\"fa-solid fa-download\"><\/i>&nbsp;Descargar                    <\/a>\r\n                              <\/div>\r\n        <\/div>\r\n                <div class=\"wbg-item\">\r\n                      <a class=\"wgb-item-link\" href=\"https:\/\/publicaciones.unedzamora.es\/index.php\/books\/2000-castilla-y-el-98\/\"  target=&quot;_blank&quot;>\r\n              <img decoding=\"async\" src=\"https:\/\/publicaciones.unedzamora.es\/wp-content\/uploads\/2023\/12\/2000-Castilla-y-el-98-1-scaled.jpg\" alt=\"No hay una imagen disponible\" width=\"200\">\r\n              Castilla y el 98            <\/a>\r\n            \r\n          \r\n          \r\n                      <div class=\"regular-price\">\r\n                                        <\/div>\r\n            \r\n          <div class=\"wbg-button-container\">\r\n                              <a href=\"http:\/\/publicaciones.unedzamora.es\/wp-content\/uploads\/2023\/12\/2000_Castilla_y_el_98.pdf\" class=\"button wbg-btn\" target=\"_blank\">\r\n                      <i class=\"fa-solid fa-download\"><\/i>&nbsp;Descargar                    <\/a>\r\n                              <\/div>\r\n        <\/div>\r\n                <div class=\"wbg-item\">\r\n                      <a class=\"wgb-item-link\" href=\"https:\/\/publicaciones.unedzamora.es\/index.php\/books\/2000-libros-de-acuerdos-del-consistorio-de-la-ciudad-de-zamora\/\"  target=&quot;_blank&quot;>\r\n              <img decoding=\"async\" src=\"https:\/\/publicaciones.unedzamora.es\/wp-content\/uploads\/2023\/12\/2000-Estando-en-Consistorio-1-scaled.jpg\" alt=\"No hay una imagen disponible\" width=\"200\">\r\n              Libros de acuerdos del consistorio de la Ciudad de Zamora            <\/a>\r\n            \r\n          \r\n          \r\n                      <div class=\"regular-price\">\r\n                                        <\/div>\r\n            \r\n          <div class=\"wbg-button-container\">\r\n                              <a href=\"http:\/\/publicaciones.unedzamora.es\/wp-content\/uploads\/2023\/12\/2000_Estando_en_Consistorio.pdf\" class=\"button wbg-btn\" target=\"_blank\">\r\n                      <i class=\"fa-solid fa-download\"><\/i>&nbsp;Descargar                    <\/a>\r\n                              <\/div>\r\n        <\/div>\r\n                <div class=\"wbg-item\">\r\n                      <a class=\"wgb-item-link\" href=\"https:\/\/publicaciones.unedzamora.es\/index.php\/books\/studia-zamorensia-v-5\/\"  target=&quot;_blank&quot;>\r\n              <img decoding=\"async\" src=\"https:\/\/publicaciones.unedzamora.es\/wp-content\/uploads\/2024\/02\/V-5-A-99.png\" alt=\"No hay una imagen disponible\" width=\"200\">\r\n              Studia Zamorensia 5            <\/a>\r\n            \r\n          \r\n          \r\n                      <div class=\"regular-price\">\r\n                                        <\/div>\r\n            \r\n          <div class=\"wbg-button-container\">\r\n                              <a href=\"http:\/\/publicaciones.unedzamora.es\/wp-content\/uploads\/2024\/02\/1999.zip\" class=\"button wbg-btn\" target=\"_blank\">\r\n                      <i class=\"fa-solid fa-download\"><\/i>&nbsp;Descargar                    <\/a>\r\n                              <\/div>\r\n        <\/div>\r\n                <div class=\"wbg-item\">\r\n                      <a class=\"wgb-item-link\" href=\"https:\/\/publicaciones.unedzamora.es\/index.php\/books\/1997-problemas-de-la-castilla-contemporanea\/\"  target=&quot;_blank&quot;>\r\n              <img decoding=\"async\" src=\"https:\/\/publicaciones.unedzamora.es\/wp-content\/uploads\/2023\/12\/1997-Problemas-Castilla-1.jpg\" alt=\"No hay una imagen disponible\" width=\"200\">\r\n              Problemas de la Castilla Contempor\u00e1nea            <\/a>\r\n            \r\n          \r\n          \r\n                      <div class=\"regular-price\">\r\n                                        <\/div>\r\n            \r\n          <div class=\"wbg-button-container\">\r\n                              <a href=\"http:\/\/publicaciones.unedzamora.es\/wp-content\/uploads\/2023\/12\/1997_Problemas_Castilla.pdf\" class=\"button wbg-btn\" target=\"_blank\">\r\n                      <i class=\"fa-solid fa-download\"><\/i>&nbsp;Descargar                    <\/a>\r\n                              <\/div>\r\n        <\/div>\r\n                <div class=\"wbg-item\">\r\n                      <a class=\"wgb-item-link\" href=\"https:\/\/publicaciones.unedzamora.es\/index.php\/books\/studia-zamorensia-v-4\/\"  target=&quot;_blank&quot;>\r\n              <img decoding=\"async\" src=\"https:\/\/publicaciones.unedzamora.es\/wp-content\/uploads\/2024\/02\/V-4-A-97.png\" alt=\"No hay una imagen disponible\" width=\"200\">\r\n              Studia Zamorensia 4            <\/a>\r\n            \r\n          \r\n          \r\n                      <div class=\"regular-price\">\r\n                                        <\/div>\r\n            \r\n          <div class=\"wbg-button-container\">\r\n                              <a href=\"http:\/\/publicaciones.unedzamora.es\/wp-content\/uploads\/2024\/02\/1997.zip\" class=\"button wbg-btn\" target=\"_blank\">\r\n                      <i class=\"fa-solid fa-download\"><\/i>&nbsp;Descargar                    <\/a>\r\n                              <\/div>\r\n        <\/div>\r\n                <div class=\"wbg-item\">\r\n                      <a class=\"wgb-item-link\" href=\"https:\/\/publicaciones.unedzamora.es\/index.php\/books\/presencia-castellana-en-el-ejercito-libertador-cabano\/\"  target=&quot;_blank&quot;>\r\n              <img decoding=\"async\" src=\"https:\/\/publicaciones.unedzamora.es\/wp-content\/uploads\/2024\/04\/presencia-castellana-en-el-ejercito-libertador-cubano-18951898-23654.jpg\" alt=\"No hay una imagen disponible\" width=\"200\">\r\n              PRESENCIA CASTELLANA EN EL EJ\u00c9RCITO LIBERTADOR CABANO            <\/a>\r\n            \r\n          \r\n          \r\n                      <div class=\"regular-price\">\r\n                                        <\/div>\r\n            \r\n          <div class=\"wbg-button-container\">\r\n                              <a href=\"http:\/\/publicaciones.unedzamora.es\/wp-content\/uploads\/2024\/04\/1996-PRESENCIA-CASTELLANA-EN-EL-EJERCITO-LIBERTADOR-CABANO-Juan-A.-Blanco-y-Coralia-Alonso-Valdes_compressed.pdf\" class=\"button wbg-btn\" target=\"_blank\">\r\n                      <i class=\"fa-solid fa-download\"><\/i>&nbsp;Descargar                    <\/a>\r\n                              <\/div>\r\n        <\/div>\r\n                <div class=\"wbg-item\">\r\n                      <a class=\"wgb-item-link\" href=\"https:\/\/publicaciones.unedzamora.es\/index.php\/books\/studia-zamorensia-v-3\/\"  target=&quot;_blank&quot;>\r\n              <img decoding=\"async\" src=\"https:\/\/publicaciones.unedzamora.es\/wp-content\/uploads\/2024\/02\/V-3-A-96.png\" alt=\"No hay una imagen disponible\" width=\"200\">\r\n              Studia Zamorensia 3            <\/a>\r\n            \r\n          \r\n          \r\n                      <div class=\"regular-price\">\r\n                                        <\/div>\r\n            \r\n          <div class=\"wbg-button-container\">\r\n                              <a href=\"http:\/\/publicaciones.unedzamora.es\/wp-content\/uploads\/2024\/02\/1996.zip\" class=\"button wbg-btn\" target=\"_blank\">\r\n                      <i class=\"fa-solid fa-download\"><\/i>&nbsp;Descargar                    <\/a>\r\n                              <\/div>\r\n        <\/div>\r\n                <div class=\"wbg-item\">\r\n                      <a class=\"wgb-item-link\" href=\"https:\/\/publicaciones.unedzamora.es\/index.php\/books\/studia-zamorensia-v-2\/\"  target=&quot;_blank&quot;>\r\n              <img decoding=\"async\" src=\"https:\/\/publicaciones.unedzamora.es\/wp-content\/uploads\/2024\/02\/V-2-A-95.png\" alt=\"No hay una imagen disponible\" width=\"200\">\r\n              Studia Zamorensia 2            <\/a>\r\n            \r\n          \r\n          \r\n                      <div class=\"regular-price\">\r\n                                        <\/div>\r\n            \r\n          <div class=\"wbg-button-container\">\r\n                              <a href=\"http:\/\/publicaciones.unedzamora.es\/wp-content\/uploads\/2024\/02\/1995.zip\" class=\"button wbg-btn\" target=\"_blank\">\r\n                      <i class=\"fa-solid fa-download\"><\/i>&nbsp;Descargar                    <\/a>\r\n                              <\/div>\r\n        <\/div>\r\n                <div class=\"wbg-item\">\r\n                      <a class=\"wgb-item-link\" href=\"https:\/\/publicaciones.unedzamora.es\/index.php\/books\/studia-zamorensia-v-1\/\"  target=&quot;_blank&quot;>\r\n              <img decoding=\"async\" src=\"https:\/\/publicaciones.unedzamora.es\/wp-content\/uploads\/2024\/02\/V-1-A-94.png\" alt=\"No hay una imagen disponible\" width=\"200\">\r\n              Studia Zamorensia 1            <\/a>\r\n            \r\n          \r\n          \r\n                      <div class=\"regular-price\">\r\n                                        <\/div>\r\n            \r\n          <div class=\"wbg-button-container\">\r\n                              <a href=\"http:\/\/publicaciones.unedzamora.es\/wp-content\/uploads\/2024\/02\/1994.zip\" class=\"button wbg-btn\" target=\"_blank\">\r\n                      <i class=\"fa-solid fa-download\"><\/i>&nbsp;Descargar                    <\/a>\r\n                              <\/div>\r\n        <\/div>\r\n                <div class=\"wbg-item\">\r\n                      <a class=\"wgb-item-link\" href=\"https:\/\/publicaciones.unedzamora.es\/index.php\/books\/1993-amor-cuestion-de-senorio\/\"  target=&quot;_blank&quot;>\r\n              <img decoding=\"async\" src=\"https:\/\/publicaciones.unedzamora.es\/wp-content\/uploads\/2023\/12\/1993-Amor-cuestion-de-senorio-1.jpg\" alt=\"No hay una imagen disponible\" width=\"200\">\r\n              Amor, cuesti\u00f3n de se\u00f1or\u00edo            <\/a>\r\n            \r\n          \r\n          \r\n                      <div class=\"regular-price\">\r\n                                        <\/div>\r\n            \r\n          <div class=\"wbg-button-container\">\r\n                              <a href=\"http:\/\/publicaciones.unedzamora.es\/wp-content\/uploads\/2023\/12\/1993_Amor_cuestion_de_senorio.pdf\" class=\"button wbg-btn\" target=\"_blank\">\r\n                      <i class=\"fa-solid fa-download\"><\/i>&nbsp;Descargar                    <\/a>\r\n                              <\/div>\r\n        <\/div>\r\n            <\/div>\r\n      <\/div>\r\n    <div class=\"wbg-single-modal\" id=\"wbg-single-modal-id\"><\/div>\r\n  <\/div>\n\t\t\t\t<\/div>\n\t\t\t\t<\/div>\n\t\t\t\t\t<\/div>\n\t\t<\/div>\n\t\t\t\t\t\t\t<\/div>\n\t\t<\/section>\n\t\t\t\t\t\t\t<\/div>\n\t\t","protected":false},"excerpt":{"rendered":"<p>Publicaciones Videos entrevistas<\/p>\n","protected":false},"author":4,"featured_media":0,"parent":0,"menu_order":0,"comment_status":"closed","ping_status":"closed","template":"","meta":{"footnotes":""},"_links":{"self":[{"href":"https:\/\/publicaciones.unedzamora.es\/index.php\/wp-json\/wp\/v2\/pages\/2550"}],"collection":[{"href":"https:\/\/publicaciones.unedzamora.es\/index.php\/wp-json\/wp\/v2\/pages"}],"about":[{"href":"https:\/\/publicaciones.unedzamora.es\/index.php\/wp-json\/wp\/v2\/types\/page"}],"author":[{"embeddable":true,"href":"https:\/\/publicaciones.unedzamora.es\/index.php\/wp-json\/wp\/v2\/users\/4"}],"replies":[{"embeddable":true,"href":"https:\/\/publicaciones.unedzamora.es\/index.php\/wp-json\/wp\/v2\/comments?post=2550"}],"version-history":[{"count":23,"href":"https:\/\/publicaciones.unedzamora.es\/index.php\/wp-json\/wp\/v2\/pages\/2550\/revisions"}],"predecessor-version":[{"id":3374,"href":"https:\/\/publicaciones.unedzamora.es\/index.php\/wp-json\/wp\/v2\/pages\/2550\/revisions\/3374"}],"wp:attachment":[{"href":"https:\/\/publicaciones.unedzamora.es\/index.php\/wp-json\/wp\/v2\/media?parent=2550"}],"curies":[{"name":"wp","href":"https:\/\/api.w.org\/{rel}","templated":true}]}}